{"id":2852,"date":"2021-02-02T14:21:57","date_gmt":"2021-02-02T19:21:57","guid":{"rendered":"https:\/\/dasstaging.ga\/?page_id=2852"},"modified":"2026-01-24T13:23:42","modified_gmt":"2026-01-24T18:23:42","slug":"qui-sommes-nous","status":"publish","type":"page","link":"https:\/\/artim.ca\/fr\/qui-sommes-nous\/","title":{"rendered":"Qui sommes nous"},"content":{"rendered":"\t\t<div data-elementor-type=\"wp-page\" data-elementor-id=\"2852\" class=\"elementor elementor-2852 elementor-79\" data-elementor-post-type=\"page\">\n\t\t\t\t\t\t<section class=\"elementor-section elementor-top-section elementor-element elementor-element-98431e3 elementor-section-content-middle elementor-section-boxed elementor-section-height-default elementor-section-height-default\" data-id=\"98431e3\" data-element_type=\"section\">\n\t\t\t\t\t\t<div class=\"elementor-container elementor-column-gap-default\">\n\t\t\t\t\t<div class=\"elementor-column elementor-col-100 elementor-top-column elementor-element elementor-element-232b48f\" data-id=\"232b48f\" data-element_type=\"column\">\n\t\t\t<div class=\"elementor-widget-wrap elementor-element-populated\">\n\t\t\t\t\t\t<div class=\"elementor-element elementor-element-5bf85bd elementor-position-left elementor-vertical-align-middle elementor-widget elementor-widget-image-box\" data-id=\"5bf85bd\" data-element_type=\"widget\" data-widget_type=\"image-box.default\">\n\t\t\t\t<div class=\"elementor-widget-container\">\n\t\t\t\t\t<div class=\"elementor-image-box-wrapper\"><figure class=\"elementor-image-box-img\"><img decoding=\"async\" src=\"https:\/\/artim.ca\/wp-content\/uploads\/2020\/12\/logo_minimal.svg\" class=\"attachment-full size-full wp-image-1153\" alt=\"\" title=\"\"><\/figure><div class=\"elementor-image-box-content\"><h3 class=\"elementor-image-box-title\">Martineau &amp; Mindicanu<\/h3><p class=\"elementor-image-box-description\">Vous trouverez ci-dessous les membres cl\u00e9s de notre \u00e9quipe qui offrent un accompagnement tout au long du processus d\u2019immigration. Gr\u00e2ce \u00e0 notre approche collaborative et personnalis\u00e9e, nos clients b\u00e9n\u00e9ficient de la force de nos connaissances collectives et de la diversit\u00e9 de nos perspectives.<\/p><\/div><\/div>\t\t\t\t<\/div>\n\t\t\t\t<\/div>\n\t\t\t\t\t<\/div>\n\t\t<\/div>\n\t\t\t\t\t<\/div>\n\t\t<\/section>\n\t\t\t\t<section class=\"elementor-section elementor-top-section elementor-element elementor-element-34553bd elementor-section-boxed elementor-section-height-default elementor-section-height-default\" data-id=\"34553bd\" data-element_type=\"section\">\n\t\t\t\t\t\t<div class=\"elementor-container elementor-column-gap-default\">\n\t\t\t\t\t<div class=\"elementor-column elementor-col-100 elementor-top-column elementor-element elementor-element-4c679c1\" data-id=\"4c679c1\" data-element_type=\"column\">\n\t\t\t<div class=\"elementor-widget-wrap elementor-element-populated\">\n\t\t\t\t\t\t<div class=\"elementor-element elementor-element-f1ef59e elementor-widget-divider--view-line_icon elementor-view-default elementor-widget-divider--element-align-center elementor-widget elementor-widget-divider\" data-id=\"f1ef59e\" data-element_type=\"widget\" data-widget_type=\"divider.default\">\n\t\t\t\t<div class=\"elementor-widget-container\">\n\t\t\t\t\t\t\t<div class=\"elementor-divider\">\n\t\t\t<span class=\"elementor-divider-separator\">\n\t\t\t\t\t\t\t<div class=\"elementor-icon elementor-divider__element\">\n\t\t\t\t\t<svg xmlns=\"http:\/\/www.w3.org\/2000\/svg\" xmlns:xlink=\"http:\/\/www.w3.org\/1999\/xlink\" id=\"Layer_1\" x=\"0px\" y=\"0px\" width=\"500px\" height=\"500px\" viewBox=\"0 0 500 500\" xml:space=\"preserve\"><g>\t<rect x=\"10.505\" y=\"261.609\" fill-rule=\"evenodd\" clip-rule=\"evenodd\" fill=\"#C71F25\" width=\"228.649\" height=\"228.637\"><\/rect>\t<g>\t\t<path d=\"M239.154,10.081v228.697h-38.659V103.793l-68.914,90.44h-13.125l-69.295-90.44v134.984H10.505V10.081h13.492    l101.029,134.555L226.028,10.081H239.154z\"><\/path>\t<\/g>\t<g>\t\t<path d=\"M490.676,261.574v228.688h-38.657V355.294l-68.921,90.445h-13.126l-69.282-90.445v134.968h-38.663V261.574h13.495    l101.01,134.566l101.018-134.566H490.676z\"><\/path>\t<\/g>\t<rect x=\"262.396\" y=\"10.101\" fill-rule=\"evenodd\" clip-rule=\"evenodd\" fill=\"#C71F25\" width=\"228.648\" height=\"228.649\"><\/rect><\/g><\/svg><\/div>\n\t\t\t\t\t\t<\/span>\n\t\t<\/div>\n\t\t\t\t\t\t<\/div>\n\t\t\t\t<\/div>\n\t\t\t\t<div class=\"elementor-element elementor-element-05310e4 elementor-widget elementor-widget-heading\" data-id=\"05310e4\" data-element_type=\"widget\" data-widget_type=\"heading.default\">\n\t\t\t\t<div class=\"elementor-widget-container\">\n\t\t\t\t\t<h2 class=\"elementor-heading-title elementor-size-default\">Notre \u00e9quipe<\/h2>\t\t\t\t<\/div>\n\t\t\t\t<\/div>\n\t\t\t\t\t<\/div>\n\t\t<\/div>\n\t\t\t\t\t<\/div>\n\t\t<\/section>\n\t\t<div class=\"elementor-element elementor-element-ee9e495 e-flex e-con-boxed e-con e-parent\" data-id=\"ee9e495\" data-element_type=\"container\">\n\t\t\t\t\t<div class=\"e-con-inner\">\n\t\t<div class=\"elementor-element elementor-element-131b463 e-con-full e-flex e-con e-child\" data-id=\"131b463\" data-element_type=\"container\">\n\t\t\t\t<div class=\"elementor-element elementor-element-4ec43ab elementor-position-left elementor-vertical-align-middle elementor-position-top elementor-widget elementor-widget-image-box\" data-id=\"4ec43ab\" data-element_type=\"widget\" data-widget_type=\"image-box.default\">\n\t\t\t\t<div class=\"elementor-widget-container\">\n\t\t\t\t\t<div class=\"elementor-image-box-wrapper\"><figure class=\"elementor-image-box-img\"><img fetchpriority=\"high\" decoding=\"async\" width=\"300\" height=\"300\" src=\"https:\/\/artim.ca\/wp-content\/uploads\/2024\/12\/Yves_Martineau-300x300.jpg\" class=\"attachment-medium size-medium wp-image-4638\" alt=\"Yves Martineau\" title=\"\" srcset=\"https:\/\/artim.ca\/wp-content\/uploads\/2024\/12\/Yves_Martineau-300x300.jpg 300w, https:\/\/artim.ca\/wp-content\/uploads\/2024\/12\/Yves_Martineau-1024x1024.jpg 1024w, https:\/\/artim.ca\/wp-content\/uploads\/2024\/12\/Yves_Martineau-150x150.jpg 150w, https:\/\/artim.ca\/wp-content\/uploads\/2024\/12\/Yves_Martineau-768x768.jpg 768w, https:\/\/artim.ca\/wp-content\/uploads\/2024\/12\/Yves_Martineau-400x400.jpg 400w, https:\/\/artim.ca\/wp-content\/uploads\/2024\/12\/Yves_Martineau-600x600.jpg 600w, https:\/\/artim.ca\/wp-content\/uploads\/2024\/12\/Yves_Martineau.jpg 1056w\" sizes=\"(max-width: 300px) 100vw, 300px\" \/><\/figure><div class=\"elementor-image-box-content\"><h3 class=\"elementor-image-box-title\">M\u1d49 Yves Martineau<\/h3><p class=\"elementor-image-box-description\">Avocat, Fondateur<\/p><\/div><\/div>\t\t\t\t<\/div>\n\t\t\t\t<\/div>\n\t\t\t\t<div class=\"elementor-element elementor-element-7f9aee1 elementor-widget-divider--view-line elementor-widget elementor-widget-divider\" data-id=\"7f9aee1\" data-element_type=\"widget\" data-widget_type=\"divider.default\">\n\t\t\t\t<div class=\"elementor-widget-container\">\n\t\t\t\t\t\t\t<div class=\"elementor-divider\">\n\t\t\t<span class=\"elementor-divider-separator\">\n\t\t\t\t\t\t<\/span>\n\t\t<\/div>\n\t\t\t\t\t\t<\/div>\n\t\t\t\t<\/div>\n\t\t<div class=\"elementor-element elementor-element-3820e84 e-con-full e-flex e-con e-child\" data-id=\"3820e84\" data-element_type=\"container\">\n\t\t\t\t<div class=\"elementor-element elementor-element-afa37a8 elementor-widget__width-auto elementor-view-default elementor-widget elementor-widget-icon\" data-id=\"afa37a8\" data-element_type=\"widget\" data-widget_type=\"icon.default\">\n\t\t\t\t<div class=\"elementor-widget-container\">\n\t\t\t\t\t\t\t<div class=\"elementor-icon-wrapper\">\n\t\t\t<div class=\"elementor-icon\">\n\t\t\t<i aria-hidden=\"true\" class=\"fas fa-language\"><\/i>\t\t\t<\/div>\n\t\t<\/div>\n\t\t\t\t\t\t<\/div>\n\t\t\t\t<\/div>\n\t\t\t\t<div class=\"elementor-element elementor-element-2293511 elementor-widget__width-auto elementor-widget elementor-widget-heading\" data-id=\"2293511\" data-element_type=\"widget\" data-widget_type=\"heading.default\">\n\t\t\t\t<div class=\"elementor-widget-container\">\n\t\t\t\t\t<span class=\"elementor-heading-title elementor-size-default\">Fran\u00e7ais, anglais et espagnol<\/span>\t\t\t\t<\/div>\n\t\t\t\t<\/div>\n\t\t\t\t<\/div>\n\t\t\t\t<div class=\"elementor-element elementor-element-cf570e2 elementor-widget elementor-widget-text-editor\" data-id=\"cf570e2\" data-element_type=\"widget\" data-widget_type=\"text-editor.default\">\n\t\t\t\t<div class=\"elementor-widget-container\">\n\t\t\t\t\t\t\t\t\t<p>Yves Martineau travaille dans le domaine de l\u2019immigration depuis 2002. Il a d\u00e9but\u00e9 en tant qu\u2019attach\u00e9 au service du Bureau de l\u2019immigration du Qu\u00e9bec \u00e0 Mexico, alors employ\u00e9 du Minist\u00e8re des Relations avec les Citoyens et de l\u2019Immigration puis du Minist\u00e8re de l\u2019Immigration et des Communaut\u00e9s Culturelles jusqu\u2019en 2007. Il a donn\u00e9 des centaines de conf\u00e9rences \u00e0 plus de 100 000 personnes dans plus de 50 villes au Mexique, en Colombie, au Venezuela, au Salvador et en \u00c9quateur. Il est devenu consultant en immigration en 2009, jusqu\u2019en juin 2023, et est inscrit au tableau de l\u2019ordre du Barreau du Qu\u00e9bec depuis d\u00e9cembre 2022. Il est titulaire d\u2019un baccalaur\u00e9at en droit de l\u2019Universit\u00e9 du Qu\u00e9bec \u00e0 Montr\u00e9al, d\u2019un dipl\u00f4me de consultant en immigration du Coll\u00e8ge LaSalle de Montr\u00e9al, d\u2019un baccalaur\u00e9at en journalisme de l\u2019Universit\u00e9 Concordia et d\u2019un dipl\u00f4me d\u2019\u00e9tudes sup\u00e9rieures sp\u00e9cialis\u00e9es en communication-marketing de HEC Montr\u00e9al. Il a conseill\u00e9 plusieurs milliers de clients et donn\u00e9 de multiples s\u00e9minaires en immigration offerts en formation continue pour ses coll\u00e8gues consultants r\u00e9glement\u00e9s en immigration.<\/p>\n\t\t\t\t\t\t\t\t<\/div>\n\t\t\t\t<\/div>\n\t\t\t\t<div class=\"elementor-element elementor-element-648fc71 elementor-align-start elementor-icon-list--layout-traditional elementor-list-item-link-full_width elementor-widget elementor-widget-icon-list\" data-id=\"648fc71\" data-element_type=\"widget\" data-widget_type=\"icon-list.default\">\n\t\t\t\t<div class=\"elementor-widget-container\">\n\t\t\t\t\t\t\t<ul class=\"elementor-icon-list-items\">\n\t\t\t\t\t\t\t<li class=\"elementor-icon-list-item\">\n\t\t\t\t\t\t\t\t\t\t\t<a href=\"https:\/\/www.barreau.qc.ca\/fr\/trouver-un-avocat\/membre\/?id=3001dc4a9fe91f96a952598389b6db62b51f1a2662ef486e9a3f2d89c0e82c4a&#038;backUrl=%2Fen%2Ffind-a-lawyer%2Fresults%2F%3Fn%3DMartineau%252C%2BYves\" target=\"_blank\" rel=\"noopener\">\n\n\t\t\t\t\t\t\t\t\t\t\t\t<span class=\"elementor-icon-list-icon\">\n\t\t\t\t\t\t\t<i aria-hidden=\"true\" class=\"far fa-check-circle\"><\/i>\t\t\t\t\t\t<\/span>\n\t\t\t\t\t\t\t\t\t\t<span class=\"elementor-icon-list-text\">Avocat, Barreau du Qu\u00e9bec<\/span>\n\t\t\t\t\t\t\t\t\t\t\t<\/a>\n\t\t\t\t\t\t\t\t\t<\/li>\n\t\t\t\t\t\t\t\t<li class=\"elementor-icon-list-item\">\n\t\t\t\t\t\t\t\t\t\t\t<span class=\"elementor-icon-list-icon\">\n\t\t\t\t\t\t\t<i aria-hidden=\"true\" class=\"far fa-check-circle\"><\/i>\t\t\t\t\t\t<\/span>\n\t\t\t\t\t\t\t\t\t\t<span class=\"elementor-icon-list-text\">Membre du conseil d\u2019administration (copr\u00e9sident) de l\u2019Association qu\u00e9b\u00e9coise des avocats et avocates en droit de l\u2019immigration - AQAADI<\/span>\n\t\t\t\t\t\t\t\t\t<\/li>\n\t\t\t\t\t\t\t\t<li class=\"elementor-icon-list-item\">\n\t\t\t\t\t\t\t\t\t\t\t<a href=\"https:\/\/lso.ca\/public-resources\/finding-a-lawyer-or-paralegal\/directory-search\/member?lang=fr-ca&#038;MemberNumber=91657C\" target=\"_blank\" rel=\"noopener\">\n\n\t\t\t\t\t\t\t\t\t\t\t\t<span class=\"elementor-icon-list-icon\">\n\t\t\t\t\t\t\t<i aria-hidden=\"true\" class=\"far fa-check-circle\"><\/i>\t\t\t\t\t\t<\/span>\n\t\t\t\t\t\t\t\t\t\t<span class=\"elementor-icon-list-text\">Membre du Barreau de l'Ontario<\/span>\n\t\t\t\t\t\t\t\t\t\t\t<\/a>\n\t\t\t\t\t\t\t\t\t<\/li>\n\t\t\t\t\t\t<\/ul>\n\t\t\t\t\t\t<\/div>\n\t\t\t\t<\/div>\n\t\t\t\t<\/div>\n\t\t<div class=\"elementor-element elementor-element-ac0ecf5 e-con-full e-flex e-con e-child\" data-id=\"ac0ecf5\" data-element_type=\"container\">\n\t\t\t\t<div class=\"elementor-element elementor-element-1c53182 elementor-position-left elementor-vertical-align-middle elementor-position-top elementor-widget elementor-widget-image-box\" data-id=\"1c53182\" data-element_type=\"widget\" data-widget_type=\"image-box.default\">\n\t\t\t\t<div class=\"elementor-widget-container\">\n\t\t\t\t\t<div class=\"elementor-image-box-wrapper\"><figure class=\"elementor-image-box-img\"><img decoding=\"async\" width=\"300\" height=\"300\" src=\"https:\/\/artim.ca\/wp-content\/uploads\/2024\/12\/Mihaela_Mindicanu-300x300.jpg\" class=\"attachment-medium size-medium wp-image-4641\" alt=\"Mihaela Mindicanu\" title=\"\" srcset=\"https:\/\/artim.ca\/wp-content\/uploads\/2024\/12\/Mihaela_Mindicanu-300x300.jpg 300w, https:\/\/artim.ca\/wp-content\/uploads\/2024\/12\/Mihaela_Mindicanu-1024x1024.jpg 1024w, https:\/\/artim.ca\/wp-content\/uploads\/2024\/12\/Mihaela_Mindicanu-150x150.jpg 150w, https:\/\/artim.ca\/wp-content\/uploads\/2024\/12\/Mihaela_Mindicanu-768x768.jpg 768w, https:\/\/artim.ca\/wp-content\/uploads\/2024\/12\/Mihaela_Mindicanu-400x400.jpg 400w, https:\/\/artim.ca\/wp-content\/uploads\/2024\/12\/Mihaela_Mindicanu-600x600.jpg 600w, https:\/\/artim.ca\/wp-content\/uploads\/2024\/12\/Mihaela_Mindicanu.jpg 1400w\" sizes=\"(max-width: 300px) 100vw, 300px\" \/><\/figure><div class=\"elementor-image-box-content\"><h3 class=\"elementor-image-box-title\">Mihaela Mindicanu<\/h3><p class=\"elementor-image-box-description\">Administratrice agr\u00e9\u00e9e, Consultante r\u00e9glement\u00e9e en immigration canadienne, Fondatrice<\/p><\/div><\/div>\t\t\t\t<\/div>\n\t\t\t\t<\/div>\n\t\t\t\t<div class=\"elementor-element elementor-element-3fd503c elementor-widget-divider--view-line elementor-widget elementor-widget-divider\" data-id=\"3fd503c\" data-element_type=\"widget\" data-widget_type=\"divider.default\">\n\t\t\t\t<div class=\"elementor-widget-container\">\n\t\t\t\t\t\t\t<div class=\"elementor-divider\">\n\t\t\t<span class=\"elementor-divider-separator\">\n\t\t\t\t\t\t<\/span>\n\t\t<\/div>\n\t\t\t\t\t\t<\/div>\n\t\t\t\t<\/div>\n\t\t<div class=\"elementor-element elementor-element-9098407 e-con-full e-flex e-con e-child\" data-id=\"9098407\" data-element_type=\"container\">\n\t\t\t\t<div class=\"elementor-element elementor-element-4907a2d elementor-widget__width-auto elementor-view-default elementor-widget elementor-widget-icon\" data-id=\"4907a2d\" data-element_type=\"widget\" data-widget_type=\"icon.default\">\n\t\t\t\t<div class=\"elementor-widget-container\">\n\t\t\t\t\t\t\t<div class=\"elementor-icon-wrapper\">\n\t\t\t<div class=\"elementor-icon\">\n\t\t\t<i aria-hidden=\"true\" class=\"fas fa-language\"><\/i>\t\t\t<\/div>\n\t\t<\/div>\n\t\t\t\t\t\t<\/div>\n\t\t\t\t<\/div>\n\t\t\t\t<div class=\"elementor-element elementor-element-ca40ce9 elementor-widget__width-auto elementor-widget elementor-widget-heading\" data-id=\"ca40ce9\" data-element_type=\"widget\" data-widget_type=\"heading.default\">\n\t\t\t\t<div class=\"elementor-widget-container\">\n\t\t\t\t\t<span class=\"elementor-heading-title elementor-size-default\">Fran\u00e7ais, anglais, espagnol et roumain<\/span>\t\t\t\t<\/div>\n\t\t\t\t<\/div>\n\t\t\t\t<\/div>\n\t\t\t\t<div class=\"elementor-element elementor-element-097a358 elementor-widget elementor-widget-text-editor\" data-id=\"097a358\" data-element_type=\"widget\" data-widget_type=\"text-editor.default\">\n\t\t\t\t<div class=\"elementor-widget-container\">\n\t\t\t\t\t\t\t\t\t<p>Mihaela Mindicanu a des \u00e9tudes sp\u00e9cialis\u00e9es dans le domaine du droit de l\u2019immigration canadienne du Coll\u00e8ge LaSalle \u00e0 Montr\u00e9al, ainsi qu\u2019un baccalaur\u00e9at en sciences de la communication. Elle est membre de l\u2019ordre des administrateurs agr\u00e9\u00e9s du Qu\u00e9bec et g\u00e8re les op\u00e9rations du cabinet. Elle guide les clients dans le domaine de l\u2019immigration depuis 2009, qui peuvent compter sur sa vaste exp\u00e9rience pour recevoir des conseils relatifs \u00e0 la r\u00e9sidence temporaire ou permanente, prorogation de s\u00e9jour et r\u00e9tablissement de statut, r\u00e9unification familiale et demandes de citoyennet\u00e9.<\/p>\n\t\t\t\t\t\t\t\t<\/div>\n\t\t\t\t<\/div>\n\t\t\t\t<div class=\"elementor-element elementor-element-d2678f0 elementor-align-start elementor-icon-list--layout-traditional elementor-list-item-link-full_width elementor-widget elementor-widget-icon-list\" data-id=\"d2678f0\" data-element_type=\"widget\" data-widget_type=\"icon-list.default\">\n\t\t\t\t<div class=\"elementor-widget-container\">\n\t\t\t\t\t\t\t<ul class=\"elementor-icon-list-items\">\n\t\t\t\t\t\t\t<li class=\"elementor-icon-list-item\">\n\t\t\t\t\t\t\t\t\t\t\t<a href=\"https:\/\/registre.college-ic.ca\/Public-Register-FR\/Licensee\/Profile.aspx?ID=20575\" target=\"_blank\" rel=\"noopener\">\n\n\t\t\t\t\t\t\t\t\t\t\t\t<span class=\"elementor-icon-list-icon\">\n\t\t\t\t\t\t\t<i aria-hidden=\"true\" class=\"far fa-check-circle\"><\/i>\t\t\t\t\t\t<\/span>\n\t\t\t\t\t\t\t\t\t\t<span class=\"elementor-icon-list-text\">Consultante r\u00e9glement\u00e9e en immigration canadienne (licence No R415695)<\/span>\n\t\t\t\t\t\t\t\t\t\t\t<\/a>\n\t\t\t\t\t\t\t\t\t<\/li>\n\t\t\t\t\t\t\t\t<li class=\"elementor-icon-list-item\">\n\t\t\t\t\t\t\t\t\t\t\t<a href=\"https:\/\/www.quebec.ca\/immigration\/consultants-immigration\/trouver-consultant?id=25189&#038;tx_solr%5Bq%5D=mindicanu&#038;tx_solr%5Bsort%5D=alphaAsc%20asc&#038;tx_solr%5BresultsPerPage%5D=10&#038;tx_solr%5Bpage%5D=1\" target=\"_blank\" rel=\"noopener\">\n\n\t\t\t\t\t\t\t\t\t\t\t\t<span class=\"elementor-icon-list-icon\">\n\t\t\t\t\t\t\t<i aria-hidden=\"true\" class=\"far fa-check-circle\"><\/i>\t\t\t\t\t\t<\/span>\n\t\t\t\t\t\t\t\t\t\t<span class=\"elementor-icon-list-text\">Inscrite au Registre qu\u00e9b\u00e9cois des consultants en immigration (No 11087)<\/span>\n\t\t\t\t\t\t\t\t\t\t\t<\/a>\n\t\t\t\t\t\t\t\t\t<\/li>\n\t\t\t\t\t\t\t\t<li class=\"elementor-icon-list-item\">\n\t\t\t\t\t\t\t\t\t\t\t<span class=\"elementor-icon-list-icon\">\n\t\t\t\t\t\t\t<i aria-hidden=\"true\" class=\"far fa-check-circle\"><\/i>\t\t\t\t\t\t<\/span>\n\t\t\t\t\t\t\t\t\t\t<span class=\"elementor-icon-list-text\">Commissaire \u00e0 l\u2019assermentation<\/span>\n\t\t\t\t\t\t\t\t\t<\/li>\n\t\t\t\t\t\t\t\t<li class=\"elementor-icon-list-item\">\n\t\t\t\t\t\t\t\t\t\t\t<a href=\"https:\/\/www.adma.qc.ca\/repertoire\/?directorytype=Adm.A.&#038;lastname=Mindicanu&#038;firstname=&#038;expertise=&#038;region=&#038;postal_code=&#038;language=&#038;submitform=1#\" target=\"_blank\" rel=\"noopener\">\n\n\t\t\t\t\t\t\t\t\t\t\t\t<span class=\"elementor-icon-list-icon\">\n\t\t\t\t\t\t\t<i aria-hidden=\"true\" class=\"far fa-check-circle\"><\/i>\t\t\t\t\t\t<\/span>\n\t\t\t\t\t\t\t\t\t\t<span class=\"elementor-icon-list-text\">Membre de l\u2019Ordre des administrateurs agr\u00e9\u00e9s du Qu\u00e9bec<\/span>\n\t\t\t\t\t\t\t\t\t\t\t<\/a>\n\t\t\t\t\t\t\t\t\t<\/li>\n\t\t\t\t\t\t\t\t<li class=\"elementor-icon-list-item\">\n\t\t\t\t\t\t\t\t\t\t\t<span class=\"elementor-icon-list-icon\">\n\t\t\t\t\t\t\t<i aria-hidden=\"true\" class=\"far fa-check-circle\"><\/i>\t\t\t\t\t\t<\/span>\n\t\t\t\t\t\t\t\t\t\t<span class=\"elementor-icon-list-text\">Membre de l'Association Canadienne des Conseillers Professionnels en Immigration (ACCPI)<\/span>\n\t\t\t\t\t\t\t\t\t<\/li>\n\t\t\t\t\t\t<\/ul>\n\t\t\t\t\t\t<\/div>\n\t\t\t\t<\/div>\n\t\t\t\t<\/div>\n\t\t<div class=\"elementor-element elementor-element-7e1e0e6 e-con-full e-flex e-con e-child\" data-id=\"7e1e0e6\" data-element_type=\"container\">\n\t\t\t\t<div class=\"elementor-element elementor-element-73b0c36 elementor-position-left elementor-vertical-align-middle elementor-position-top elementor-widget elementor-widget-image-box\" data-id=\"73b0c36\" data-element_type=\"widget\" data-widget_type=\"image-box.default\">\n\t\t\t\t<div class=\"elementor-widget-container\">\n\t\t\t\t\t<div class=\"elementor-image-box-wrapper\"><figure class=\"elementor-image-box-img\"><img decoding=\"async\" width=\"300\" height=\"300\" src=\"https:\/\/artim.ca\/wp-content\/uploads\/2024\/12\/Reynaldo_Marquez-300x300.jpg\" class=\"attachment-medium size-medium wp-image-4635\" alt=\"Reynaldo Marquez\" title=\"\" srcset=\"https:\/\/artim.ca\/wp-content\/uploads\/2024\/12\/Reynaldo_Marquez-300x300.jpg 300w, https:\/\/artim.ca\/wp-content\/uploads\/2024\/12\/Reynaldo_Marquez-150x150.jpg 150w, https:\/\/artim.ca\/wp-content\/uploads\/2024\/12\/Reynaldo_Marquez-768x768.jpg 768w, https:\/\/artim.ca\/wp-content\/uploads\/2024\/12\/Reynaldo_Marquez-400x400.jpg 400w, https:\/\/artim.ca\/wp-content\/uploads\/2024\/12\/Reynaldo_Marquez-600x600.jpg 600w, https:\/\/artim.ca\/wp-content\/uploads\/2024\/12\/Reynaldo_Marquez.jpg 960w\" sizes=\"(max-width: 300px) 100vw, 300px\" \/><\/figure><div class=\"elementor-image-box-content\"><h3 class=\"elementor-image-box-title\">M\u1d49 Reynaldo Marquez<\/h3><p class=\"elementor-image-box-description\">Avocat, associ\u00e9<\/p><\/div><\/div>\t\t\t\t<\/div>\n\t\t\t\t<\/div>\n\t\t\t\t<div class=\"elementor-element elementor-element-d5ca674 elementor-widget-divider--view-line elementor-widget elementor-widget-divider\" data-id=\"d5ca674\" data-element_type=\"widget\" data-widget_type=\"divider.default\">\n\t\t\t\t<div class=\"elementor-widget-container\">\n\t\t\t\t\t\t\t<div class=\"elementor-divider\">\n\t\t\t<span class=\"elementor-divider-separator\">\n\t\t\t\t\t\t<\/span>\n\t\t<\/div>\n\t\t\t\t\t\t<\/div>\n\t\t\t\t<\/div>\n\t\t<div class=\"elementor-element elementor-element-8880977 e-con-full e-flex e-con e-child\" data-id=\"8880977\" data-element_type=\"container\">\n\t\t\t\t<div class=\"elementor-element elementor-element-f8bec1f elementor-widget__width-auto elementor-view-default elementor-widget elementor-widget-icon\" data-id=\"f8bec1f\" data-element_type=\"widget\" data-widget_type=\"icon.default\">\n\t\t\t\t<div class=\"elementor-widget-container\">\n\t\t\t\t\t\t\t<div class=\"elementor-icon-wrapper\">\n\t\t\t<div class=\"elementor-icon\">\n\t\t\t<i aria-hidden=\"true\" class=\"fas fa-language\"><\/i>\t\t\t<\/div>\n\t\t<\/div>\n\t\t\t\t\t\t<\/div>\n\t\t\t\t<\/div>\n\t\t\t\t<div class=\"elementor-element elementor-element-2f01809 elementor-widget__width-auto elementor-widget elementor-widget-heading\" data-id=\"2f01809\" data-element_type=\"widget\" data-widget_type=\"heading.default\">\n\t\t\t\t<div class=\"elementor-widget-container\">\n\t\t\t\t\t<span class=\"elementor-heading-title elementor-size-default\">Fran\u00e7ais, anglais et espagnol<\/span>\t\t\t\t<\/div>\n\t\t\t\t<\/div>\n\t\t\t\t<\/div>\n\t\t\t\t<div class=\"elementor-element elementor-element-fa2c62d elementor-widget elementor-widget-text-editor\" data-id=\"fa2c62d\" data-element_type=\"widget\" data-widget_type=\"text-editor.default\">\n\t\t\t\t<div class=\"elementor-widget-container\">\n\t\t\t\t\t\t\t\t\t<p>Reynaldo Marquez est avocat au Barreau du Qu\u00e9bec depuis 2011. Il est dipl\u00f4m\u00e9 de la facult\u00e9 de droit de l\u2019Universit\u00e9 de Montr\u00e9al. Il a une vaste exp\u00e9rience dans le droit de l\u2019immigration et civil.<\/p>\n<p>Il a repr\u00e9sent\u00e9 ses clients avec succ\u00e8s devant les instances administratives de l\u2019immigration, dont la Commission de l\u2019immigration et du statut de r\u00e9fugi\u00e9 et la Cour f\u00e9d\u00e9rale. Avant d\u2019\u00eatre avocat, il a \u00e9t\u00e9 journaliste de la presse \u00e9crite au Qu\u00e9bec.<\/p>\n\t\t\t\t\t\t\t\t<\/div>\n\t\t\t\t<\/div>\n\t\t\t\t<div class=\"elementor-element elementor-element-c9f6d02 elementor-align-start elementor-icon-list--layout-traditional elementor-list-item-link-full_width elementor-widget elementor-widget-icon-list\" data-id=\"c9f6d02\" data-element_type=\"widget\" data-widget_type=\"icon-list.default\">\n\t\t\t\t<div class=\"elementor-widget-container\">\n\t\t\t\t\t\t\t<ul class=\"elementor-icon-list-items\">\n\t\t\t\t\t\t\t<li class=\"elementor-icon-list-item\">\n\t\t\t\t\t\t\t\t\t\t\t<a href=\"https:\/\/www.barreau.qc.ca\/fr\/trouver-un-avocat\/membre\/?id=c0f27996699bb4c3ff65b8e3fc85cccd1f7c3f261535a8b398af467c2f97ad0e&#038;backUrl=%2Fen%2Ffind-a-lawyer%2Fresults%2F%3Fn%3DMarquez%252C%2BReynaldo\" target=\"_blank\" rel=\"noopener\">\n\n\t\t\t\t\t\t\t\t\t\t\t\t<span class=\"elementor-icon-list-icon\">\n\t\t\t\t\t\t\t<i aria-hidden=\"true\" class=\"far fa-check-circle\"><\/i>\t\t\t\t\t\t<\/span>\n\t\t\t\t\t\t\t\t\t\t<span class=\"elementor-icon-list-text\">Avocat, Barreau du Qu\u00e9bec<\/span>\n\t\t\t\t\t\t\t\t\t\t\t<\/a>\n\t\t\t\t\t\t\t\t\t<\/li>\n\t\t\t\t\t\t\t\t<li class=\"elementor-icon-list-item\">\n\t\t\t\t\t\t\t\t\t\t\t<span class=\"elementor-icon-list-icon\">\n\t\t\t\t\t\t\t<i aria-hidden=\"true\" class=\"far fa-check-circle\"><\/i>\t\t\t\t\t\t<\/span>\n\t\t\t\t\t\t\t\t\t\t<span class=\"elementor-icon-list-text\">Membre de l'Association qu\u00e9b\u00e9coise des avocats et avocates en droit de l'immigration - Aqaadi<\/span>\n\t\t\t\t\t\t\t\t\t<\/li>\n\t\t\t\t\t\t<\/ul>\n\t\t\t\t\t\t<\/div>\n\t\t\t\t<\/div>\n\t\t\t\t<\/div>\n\t\t<div class=\"elementor-element elementor-element-aa7c8b5 e-con-full e-flex e-con e-child\" data-id=\"aa7c8b5\" data-element_type=\"container\">\n\t\t\t\t<div class=\"elementor-element elementor-element-c105659 elementor-position-left elementor-vertical-align-middle elementor-position-top elementor-widget elementor-widget-image-box\" data-id=\"c105659\" data-element_type=\"widget\" data-widget_type=\"image-box.default\">\n\t\t\t\t<div class=\"elementor-widget-container\">\n\t\t\t\t\t<div class=\"elementor-image-box-wrapper\"><figure class=\"elementor-image-box-img\"><img loading=\"lazy\" decoding=\"async\" width=\"300\" height=\"300\" src=\"https:\/\/artim.ca\/wp-content\/uploads\/2026\/01\/Nicolas-Turp-300x300.jpg\" class=\"attachment-medium size-medium wp-image-5354\" alt=\"\" title=\"\" srcset=\"https:\/\/artim.ca\/wp-content\/uploads\/2026\/01\/Nicolas-Turp-300x300.jpg 300w, https:\/\/artim.ca\/wp-content\/uploads\/2026\/01\/Nicolas-Turp-1024x1024.jpg 1024w, https:\/\/artim.ca\/wp-content\/uploads\/2026\/01\/Nicolas-Turp-150x150.jpg 150w, https:\/\/artim.ca\/wp-content\/uploads\/2026\/01\/Nicolas-Turp-768x768.jpg 768w, https:\/\/artim.ca\/wp-content\/uploads\/2026\/01\/Nicolas-Turp.jpg 1215w\" sizes=\"(max-width: 300px) 100vw, 300px\" \/><\/figure><div class=\"elementor-image-box-content\"><h3 class=\"elementor-image-box-title\">M\u1d49 Nicolas Turp<\/h3><p class=\"elementor-image-box-description\">Avocat<\/p><\/div><\/div>\t\t\t\t<\/div>\n\t\t\t\t<\/div>\n\t\t\t\t<div class=\"elementor-element elementor-element-7062ab9 elementor-widget-divider--view-line elementor-widget elementor-widget-divider\" data-id=\"7062ab9\" data-element_type=\"widget\" data-widget_type=\"divider.default\">\n\t\t\t\t<div class=\"elementor-widget-container\">\n\t\t\t\t\t\t\t<div class=\"elementor-divider\">\n\t\t\t<span class=\"elementor-divider-separator\">\n\t\t\t\t\t\t<\/span>\n\t\t<\/div>\n\t\t\t\t\t\t<\/div>\n\t\t\t\t<\/div>\n\t\t<div class=\"elementor-element elementor-element-ba281b8 e-con-full e-flex e-con e-child\" data-id=\"ba281b8\" data-element_type=\"container\">\n\t\t\t\t<div class=\"elementor-element elementor-element-5de7725 elementor-widget__width-auto elementor-view-default elementor-widget elementor-widget-icon\" data-id=\"5de7725\" data-element_type=\"widget\" data-widget_type=\"icon.default\">\n\t\t\t\t<div class=\"elementor-widget-container\">\n\t\t\t\t\t\t\t<div class=\"elementor-icon-wrapper\">\n\t\t\t<div class=\"elementor-icon\">\n\t\t\t<i aria-hidden=\"true\" class=\"fas fa-language\"><\/i>\t\t\t<\/div>\n\t\t<\/div>\n\t\t\t\t\t\t<\/div>\n\t\t\t\t<\/div>\n\t\t\t\t<div class=\"elementor-element elementor-element-a2076ad elementor-widget__width-auto elementor-widget elementor-widget-heading\" data-id=\"a2076ad\" data-element_type=\"widget\" data-widget_type=\"heading.default\">\n\t\t\t\t<div class=\"elementor-widget-container\">\n\t\t\t\t\t<span class=\"elementor-heading-title elementor-size-default\">Fran\u00e7ais, anglais et espagnol<\/span>\t\t\t\t<\/div>\n\t\t\t\t<\/div>\n\t\t\t\t<\/div>\n\t\t\t\t<div class=\"elementor-element elementor-element-e6fbb62 elementor-widget elementor-widget-text-editor\" data-id=\"e6fbb62\" data-element_type=\"widget\" data-widget_type=\"text-editor.default\">\n\t\t\t\t<div class=\"elementor-widget-container\">\n\t\t\t\t\t\t\t\t\t<p>Nicolas Turp est Membre du Barreau du Qu\u00e9bec depuis novembre 2012, et pratique exclusivement en droit de l&rsquo;immigration depuis 2015. Il est d\u00e9tenteur de BCL\/LLB de l&rsquo;Universit\u00e9 McGill, d&rsquo;une Ma\u00eetrise en politique et administration publique de l&rsquo;Universit\u00e9 Concordia, et d&rsquo;un Baccalaur\u00e9at \u00e8s sciences de l&rsquo;Universit\u00e9 de Montr\u00e9al.<\/p>\n<p>En plus de sa formation juridique, Nicolas a travaill\u00e9 comme interpr\u00e8te et traducteur. Ses langues principales sont le fran\u00e7ais et l\u2019anglais, et il ma\u00eetrise l\u2019espagnol, ayant \u00e9galement poursuivi des \u00e9tudes \u00e0 l\u2019Universit\u00e9 de Barcelone.<\/p>\n<p>Il poss\u00e8de une exp\u00e9rience internationale, ayant travaill\u00e9 \u00e0 Shanghai et \u00e0 Hong Kong aupr\u00e8s de plusieurs candidats au Programme des investisseurs immigrants du Qu\u00e9bec. Depuis 2016, il a \u0153uvr\u00e9 \u00e0 son compte et en collaboration avec de nombreux sp\u00e9cialistes de l&rsquo;immigration au Canada.<\/p>\n<p>Il se sp\u00e9cialise en immigration \u00e9conomique, en immigration d\u2019affaires et en parrainage familial. Il a accompagn\u00e9 des centaines de clients dans leurs demandes de r\u00e9sidence permanente, de r\u00e9sidence temporaire, de citoyennet\u00e9 et de questions d\u2019interdiction de territoire.<\/p>\n\t\t\t\t\t\t\t\t<\/div>\n\t\t\t\t<\/div>\n\t\t\t\t<div class=\"elementor-element elementor-element-c7ac3d6 elementor-align-start elementor-icon-list--layout-traditional elementor-list-item-link-full_width elementor-widget elementor-widget-icon-list\" data-id=\"c7ac3d6\" data-element_type=\"widget\" data-widget_type=\"icon-list.default\">\n\t\t\t\t<div class=\"elementor-widget-container\">\n\t\t\t\t\t\t\t<ul class=\"elementor-icon-list-items\">\n\t\t\t\t\t\t\t<li class=\"elementor-icon-list-item\">\n\t\t\t\t\t\t\t\t\t\t\t<a href=\"https:\/\/www.barreau.qc.ca\/fr\/trouver-un-avocat\/membre\/?id=ac642f272a0d692c0cbf49f69e69e51f453979fa72fe0400ec6351886be0ec68&#038;backUrl=%2Fen%2Ffind-a-lawyer%2Fresults%2F%3Fn%3DKnoppers-Turp%252C%2BNicolas\" target=\"_blank\" rel=\"noopener\">\n\n\t\t\t\t\t\t\t\t\t\t\t\t<span class=\"elementor-icon-list-icon\">\n\t\t\t\t\t\t\t<i aria-hidden=\"true\" class=\"far fa-check-circle\"><\/i>\t\t\t\t\t\t<\/span>\n\t\t\t\t\t\t\t\t\t\t<span class=\"elementor-icon-list-text\">Avocat, Barreau du Qu\u00e9bec<\/span>\n\t\t\t\t\t\t\t\t\t\t\t<\/a>\n\t\t\t\t\t\t\t\t\t<\/li>\n\t\t\t\t\t\t\t\t<li class=\"elementor-icon-list-item\">\n\t\t\t\t\t\t\t\t\t\t\t<a href=\"https:\/\/www.barreau.qc.ca\/fr\/trouver-un-avocat\/membre\/?id=ac642f272a0d692c0cbf49f69e69e51f453979fa72fe0400ec6351886be0ec68&#038;backUrl=%2Fen%2Ffind-a-lawyer%2Fresults%2F%3Fn%3DKnoppers-Turp%252C%2BNicolas\" target=\"_blank\" rel=\"noopener\">\n\n\t\t\t\t\t\t\t\t\t\t\t\t<span class=\"elementor-icon-list-icon\">\n\t\t\t\t\t\t\t<i aria-hidden=\"true\" class=\"far fa-check-circle\"><\/i>\t\t\t\t\t\t<\/span>\n\t\t\t\t\t\t\t\t\t\t<span class=\"elementor-icon-list-text\">Membre de l'Association qu\u00e9b\u00e9coise des avocats et avocates en droit de l'immigration - Aqaadi<\/span>\n\t\t\t\t\t\t\t\t\t\t\t<\/a>\n\t\t\t\t\t\t\t\t\t<\/li>\n\t\t\t\t\t\t<\/ul>\n\t\t\t\t\t\t<\/div>\n\t\t\t\t<\/div>\n\t\t\t\t<\/div>\n\t\t<div class=\"elementor-element elementor-element-68fce47 e-con-full e-flex e-con e-child\" data-id=\"68fce47\" data-element_type=\"container\">\n\t\t\t\t<div class=\"elementor-element elementor-element-2e9159d elementor-position-left elementor-vertical-align-middle elementor-position-top elementor-widget elementor-widget-image-box\" data-id=\"2e9159d\" data-element_type=\"widget\" data-widget_type=\"image-box.default\">\n\t\t\t\t<div class=\"elementor-widget-container\">\n\t\t\t\t\t<div class=\"elementor-image-box-wrapper\"><figure class=\"elementor-image-box-img\"><img loading=\"lazy\" decoding=\"async\" width=\"300\" height=\"300\" src=\"https:\/\/artim.ca\/wp-content\/uploads\/2021\/01\/Mariel-Sanchez-300x300.jpg\" class=\"attachment-medium size-medium wp-image-2304\" alt=\"\" title=\"\" srcset=\"https:\/\/artim.ca\/wp-content\/uploads\/2021\/01\/Mariel-Sanchez-300x300.jpg 300w, https:\/\/artim.ca\/wp-content\/uploads\/2021\/01\/Mariel-Sanchez-150x150.jpg 150w, https:\/\/artim.ca\/wp-content\/uploads\/2021\/01\/Mariel-Sanchez.jpg 500w\" sizes=\"(max-width: 300px) 100vw, 300px\" \/><\/figure><div class=\"elementor-image-box-content\"><h3 class=\"elementor-image-box-title\">Mariel Sanchez<\/h3><p class=\"elementor-image-box-description\">Gestionnaire de dossier<\/p><\/div><\/div>\t\t\t\t<\/div>\n\t\t\t\t<\/div>\n\t\t\t\t<div class=\"elementor-element elementor-element-08dfdb6 elementor-widget-divider--view-line elementor-widget elementor-widget-divider\" data-id=\"08dfdb6\" data-element_type=\"widget\" data-widget_type=\"divider.default\">\n\t\t\t\t<div class=\"elementor-widget-container\">\n\t\t\t\t\t\t\t<div class=\"elementor-divider\">\n\t\t\t<span class=\"elementor-divider-separator\">\n\t\t\t\t\t\t<\/span>\n\t\t<\/div>\n\t\t\t\t\t\t<\/div>\n\t\t\t\t<\/div>\n\t\t<div class=\"elementor-element elementor-element-f497672 e-con-full e-flex e-con e-child\" data-id=\"f497672\" data-element_type=\"container\">\n\t\t\t\t<div class=\"elementor-element elementor-element-3113b82 elementor-widget__width-auto elementor-view-default elementor-widget elementor-widget-icon\" data-id=\"3113b82\" data-element_type=\"widget\" data-widget_type=\"icon.default\">\n\t\t\t\t<div class=\"elementor-widget-container\">\n\t\t\t\t\t\t\t<div class=\"elementor-icon-wrapper\">\n\t\t\t<div class=\"elementor-icon\">\n\t\t\t<i aria-hidden=\"true\" class=\"fas fa-language\"><\/i>\t\t\t<\/div>\n\t\t<\/div>\n\t\t\t\t\t\t<\/div>\n\t\t\t\t<\/div>\n\t\t\t\t<div class=\"elementor-element elementor-element-55ba0f3 elementor-widget__width-auto elementor-widget elementor-widget-heading\" data-id=\"55ba0f3\" data-element_type=\"widget\" data-widget_type=\"heading.default\">\n\t\t\t\t<div class=\"elementor-widget-container\">\n\t\t\t\t\t<span class=\"elementor-heading-title elementor-size-default\">Fran\u00e7ais, anglais et espagnol<\/span>\t\t\t\t<\/div>\n\t\t\t\t<\/div>\n\t\t\t\t<\/div>\n\t\t\t\t<div class=\"elementor-element elementor-element-c7f074d elementor-widget elementor-widget-text-editor\" data-id=\"c7f074d\" data-element_type=\"widget\" data-widget_type=\"text-editor.default\">\n\t\t\t\t<div class=\"elementor-widget-container\">\n\t\t\t\t\t\t\t\t\t<p>Mariel Sanchez poss\u00e8de plusieurs ann\u00e9es d\u2019exp\u00e9rience dans le domaine de l\u2019immigration, se sp\u00e9cialisant dans les dossiers d\u2019immigration \u00e9conomique provinciale et f\u00e9d\u00e9rale, les demandes de permis de travail et les prorogations de statut temporaire. Membre de notre \u00e9quipe depuis 2019, elle s\u2019adapte facilement aux nouveaux d\u00e9fis, a des aptitudes pour la multit\u00e2che efficace, aime le travail en \u00e9quipe et est orient\u00e9e vers la r\u00e9solution de probl\u00e8mes. Elle a un dipl\u00f4me en soutien informatique, un baccalaur\u00e9at en administration.<\/p>\n\t\t\t\t\t\t\t\t<\/div>\n\t\t\t\t<\/div>\n\t\t\t\t<\/div>\n\t\t<div class=\"elementor-element elementor-element-783a413 e-con-full e-flex e-con e-child\" data-id=\"783a413\" data-element_type=\"container\">\n\t\t\t\t<div class=\"elementor-element elementor-element-8882035 elementor-position-left elementor-vertical-align-middle elementor-position-top elementor-widget elementor-widget-image-box\" data-id=\"8882035\" data-element_type=\"widget\" data-widget_type=\"image-box.default\">\n\t\t\t\t<div class=\"elementor-widget-container\">\n\t\t\t\t\t<div class=\"elementor-image-box-wrapper\"><figure class=\"elementor-image-box-img\"><img loading=\"lazy\" decoding=\"async\" width=\"300\" height=\"300\" src=\"https:\/\/artim.ca\/wp-content\/uploads\/2024\/01\/Laurence-Darles-300x300.jpg\" class=\"attachment-medium size-medium wp-image-4432\" alt=\"\" title=\"\" srcset=\"https:\/\/artim.ca\/wp-content\/uploads\/2024\/01\/Laurence-Darles-300x300.jpg 300w, https:\/\/artim.ca\/wp-content\/uploads\/2024\/01\/Laurence-Darles-1024x1024.jpg 1024w, https:\/\/artim.ca\/wp-content\/uploads\/2024\/01\/Laurence-Darles-150x150.jpg 150w, https:\/\/artim.ca\/wp-content\/uploads\/2024\/01\/Laurence-Darles-768x768.jpg 768w, https:\/\/artim.ca\/wp-content\/uploads\/2024\/01\/Laurence-Darles.jpg 1266w\" sizes=\"(max-width: 300px) 100vw, 300px\" \/><\/figure><div class=\"elementor-image-box-content\"><h3 class=\"elementor-image-box-title\">Laurence Darles<\/h3><p class=\"elementor-image-box-description\">Consultante r\u00e9glement\u00e9e en immigration canadienne<\/p><\/div><\/div>\t\t\t\t<\/div>\n\t\t\t\t<\/div>\n\t\t\t\t<div class=\"elementor-element elementor-element-310f768 elementor-widget-divider--view-line elementor-widget elementor-widget-divider\" data-id=\"310f768\" data-element_type=\"widget\" data-widget_type=\"divider.default\">\n\t\t\t\t<div class=\"elementor-widget-container\">\n\t\t\t\t\t\t\t<div class=\"elementor-divider\">\n\t\t\t<span class=\"elementor-divider-separator\">\n\t\t\t\t\t\t<\/span>\n\t\t<\/div>\n\t\t\t\t\t\t<\/div>\n\t\t\t\t<\/div>\n\t\t<div class=\"elementor-element elementor-element-32a7fb0 e-con-full e-flex e-con e-child\" data-id=\"32a7fb0\" data-element_type=\"container\">\n\t\t\t\t<div class=\"elementor-element elementor-element-dda77ba elementor-widget__width-auto elementor-view-default elementor-widget elementor-widget-icon\" data-id=\"dda77ba\" data-element_type=\"widget\" data-widget_type=\"icon.default\">\n\t\t\t\t<div class=\"elementor-widget-container\">\n\t\t\t\t\t\t\t<div class=\"elementor-icon-wrapper\">\n\t\t\t<div class=\"elementor-icon\">\n\t\t\t<i aria-hidden=\"true\" class=\"fas fa-language\"><\/i>\t\t\t<\/div>\n\t\t<\/div>\n\t\t\t\t\t\t<\/div>\n\t\t\t\t<\/div>\n\t\t\t\t<div class=\"elementor-element elementor-element-1937c9d elementor-widget__width-auto elementor-widget elementor-widget-heading\" data-id=\"1937c9d\" data-element_type=\"widget\" data-widget_type=\"heading.default\">\n\t\t\t\t<div class=\"elementor-widget-container\">\n\t\t\t\t\t<span class=\"elementor-heading-title elementor-size-default\">Fran\u00e7ais, anglais et espagnol<\/span>\t\t\t\t<\/div>\n\t\t\t\t<\/div>\n\t\t\t\t<\/div>\n\t\t\t\t<div class=\"elementor-element elementor-element-7e28c40 elementor-widget elementor-widget-text-editor\" data-id=\"7e28c40\" data-element_type=\"widget\" data-widget_type=\"text-editor.default\">\n\t\t\t\t<div class=\"elementor-widget-container\">\n\t\t\t\t\t\t\t\t\t<p>Avec une ma\u00eetrise en gestion de commerce, Laurence est dipl\u00f4m\u00e9e d\u2019un DESS en immigration \u00e0 l\u2019Universit\u00e9 de Montr\u00e9al.<\/p>\n<p>Laurence est tr\u00e8s \u00e0 l\u2019aise avec les programmes pour les travailleurs \u00e9trangers temporaires et les travailleurs autonomes et se sp\u00e9cialise dans les programmes d\u2019immigration \u00e9conomique.<\/p>\n\t\t\t\t\t\t\t\t<\/div>\n\t\t\t\t<\/div>\n\t\t\t\t<div class=\"elementor-element elementor-element-0411764 elementor-align-start elementor-icon-list--layout-traditional elementor-list-item-link-full_width elementor-widget elementor-widget-icon-list\" data-id=\"0411764\" data-element_type=\"widget\" data-widget_type=\"icon-list.default\">\n\t\t\t\t<div class=\"elementor-widget-container\">\n\t\t\t\t\t\t\t<ul class=\"elementor-icon-list-items\">\n\t\t\t\t\t\t\t<li class=\"elementor-icon-list-item\">\n\t\t\t\t\t\t\t\t\t\t\t<a href=\"https:\/\/registre.college-ic.ca\/Public-Register-FR\/Licensee\/Profile.aspx?ID=10918\" target=\"_blank\" rel=\"noopener\">\n\n\t\t\t\t\t\t\t\t\t\t\t\t<span class=\"elementor-icon-list-icon\">\n\t\t\t\t\t\t\t<i aria-hidden=\"true\" class=\"far fa-check-circle\"><\/i>\t\t\t\t\t\t<\/span>\n\t\t\t\t\t\t\t\t\t\t<span class=\"elementor-icon-list-text\">Consultante r\u00e9glement\u00e9e en immigration canadienne (licence No R713009)<\/span>\n\t\t\t\t\t\t\t\t\t\t\t<\/a>\n\t\t\t\t\t\t\t\t\t<\/li>\n\t\t\t\t\t\t\t\t<li class=\"elementor-icon-list-item\">\n\t\t\t\t\t\t\t\t\t\t\t<a href=\"https:\/\/www.quebec.ca\/immigration\/consultants-immigration\/trouver-consultant?id=25189&#038;tx_solr%5Bq%5D=Darles&#038;tx_solr%5Bsort%5D=alphaAsc%20asc&#038;tx_solr%5BresultsPerPage%5D=10&#038;tx_solr%5Bpage%5D=1\" target=\"_blank\" rel=\"noopener\">\n\n\t\t\t\t\t\t\t\t\t\t\t\t<span class=\"elementor-icon-list-icon\">\n\t\t\t\t\t\t\t<i aria-hidden=\"true\" class=\"far fa-check-circle\"><\/i>\t\t\t\t\t\t<\/span>\n\t\t\t\t\t\t\t\t\t\t<span class=\"elementor-icon-list-text\">Inscrite au Registre qu\u00e9b\u00e9cois des consultants en immigration (No 12137)<\/span>\n\t\t\t\t\t\t\t\t\t\t\t<\/a>\n\t\t\t\t\t\t\t\t\t<\/li>\n\t\t\t\t\t\t\t\t<li class=\"elementor-icon-list-item\">\n\t\t\t\t\t\t\t\t\t\t\t<span class=\"elementor-icon-list-icon\">\n\t\t\t\t\t\t\t<i aria-hidden=\"true\" class=\"far fa-check-circle\"><\/i>\t\t\t\t\t\t<\/span>\n\t\t\t\t\t\t\t\t\t\t<span class=\"elementor-icon-list-text\">Membre de l'Association Canadienne des Conseillers Professionnels en Immigration (ACCPI)<\/span>\n\t\t\t\t\t\t\t\t\t<\/li>\n\t\t\t\t\t\t<\/ul>\n\t\t\t\t\t\t<\/div>\n\t\t\t\t<\/div>\n\t\t\t\t<\/div>\n\t\t<div class=\"elementor-element elementor-element-f334f2c e-con-full e-flex e-con e-child\" data-id=\"f334f2c\" data-element_type=\"container\">\n\t\t\t\t<div class=\"elementor-element elementor-element-efd0476 elementor-position-left elementor-vertical-align-middle elementor-position-top elementor-widget elementor-widget-image-box\" data-id=\"efd0476\" data-element_type=\"widget\" data-widget_type=\"image-box.default\">\n\t\t\t\t<div class=\"elementor-widget-container\">\n\t\t\t\t\t<div class=\"elementor-image-box-wrapper\"><figure class=\"elementor-image-box-img\"><img loading=\"lazy\" decoding=\"async\" width=\"300\" height=\"300\" src=\"https:\/\/artim.ca\/wp-content\/uploads\/2024\/06\/Alejandra-Carrillo-1-300x300.jpg\" class=\"attachment-medium size-medium wp-image-4501\" alt=\"\" title=\"\" srcset=\"https:\/\/artim.ca\/wp-content\/uploads\/2024\/06\/Alejandra-Carrillo-1-300x300.jpg 300w, https:\/\/artim.ca\/wp-content\/uploads\/2024\/06\/Alejandra-Carrillo-1-1024x1024.jpg 1024w, https:\/\/artim.ca\/wp-content\/uploads\/2024\/06\/Alejandra-Carrillo-1-150x150.jpg 150w, https:\/\/artim.ca\/wp-content\/uploads\/2024\/06\/Alejandra-Carrillo-1-768x768.jpg 768w, https:\/\/artim.ca\/wp-content\/uploads\/2024\/06\/Alejandra-Carrillo-1.jpg 1049w\" sizes=\"(max-width: 300px) 100vw, 300px\" \/><\/figure><div class=\"elementor-image-box-content\"><h3 class=\"elementor-image-box-title\">Alejandra Carrillo<\/h3><p class=\"elementor-image-box-description\">Gestionnaire de dossier<\/p><\/div><\/div>\t\t\t\t<\/div>\n\t\t\t\t<\/div>\n\t\t\t\t<div class=\"elementor-element elementor-element-7ba34a9 elementor-widget-divider--view-line elementor-widget elementor-widget-divider\" data-id=\"7ba34a9\" data-element_type=\"widget\" data-widget_type=\"divider.default\">\n\t\t\t\t<div class=\"elementor-widget-container\">\n\t\t\t\t\t\t\t<div class=\"elementor-divider\">\n\t\t\t<span class=\"elementor-divider-separator\">\n\t\t\t\t\t\t<\/span>\n\t\t<\/div>\n\t\t\t\t\t\t<\/div>\n\t\t\t\t<\/div>\n\t\t<div class=\"elementor-element elementor-element-84af753 e-con-full e-flex e-con e-child\" data-id=\"84af753\" data-element_type=\"container\">\n\t\t\t\t<div class=\"elementor-element elementor-element-d556de6 elementor-widget__width-auto elementor-view-default elementor-widget elementor-widget-icon\" data-id=\"d556de6\" data-element_type=\"widget\" data-widget_type=\"icon.default\">\n\t\t\t\t<div class=\"elementor-widget-container\">\n\t\t\t\t\t\t\t<div class=\"elementor-icon-wrapper\">\n\t\t\t<div class=\"elementor-icon\">\n\t\t\t<i aria-hidden=\"true\" class=\"fas fa-language\"><\/i>\t\t\t<\/div>\n\t\t<\/div>\n\t\t\t\t\t\t<\/div>\n\t\t\t\t<\/div>\n\t\t\t\t<div class=\"elementor-element elementor-element-eb70d75 elementor-widget__width-auto elementor-widget elementor-widget-heading\" data-id=\"eb70d75\" data-element_type=\"widget\" data-widget_type=\"heading.default\">\n\t\t\t\t<div class=\"elementor-widget-container\">\n\t\t\t\t\t<span class=\"elementor-heading-title elementor-size-default\">Fran\u00e7ais, anglais et espagnol<\/span>\t\t\t\t<\/div>\n\t\t\t\t<\/div>\n\t\t\t\t<\/div>\n\t\t\t\t<div class=\"elementor-element elementor-element-c640839 elementor-widget elementor-widget-text-editor\" data-id=\"c640839\" data-element_type=\"widget\" data-widget_type=\"text-editor.default\">\n\t\t\t\t<div class=\"elementor-widget-container\">\n\t\t\t\t\t\t\t\t\t<p>Titulaire d\u2019une licence en Relations Internationales, Alejandra travaille dans le domaine de l\u2019immigration canadienne. Sp\u00e9cialis\u00e9e dans la pr\u00e9paration des demandes de r\u00e9sidence temporaire, y compris les visas, les permis d\u2019\u00e9tudes, les permis de travail, l\u2019EIMT, le CAQ, entre autres.<\/p>\n<p>De plus, elle poss\u00e8de une vaste exp\u00e9rience dans les demandes de r\u00e9sidence permanente par le biais de programmes f\u00e9d\u00e9raux et provinciaux, ainsi que dans les demandes de citoyennet\u00e9 canadienne. Engag\u00e9e \u00e0 offrir un service personnalis\u00e9 et efficace pour faciliter le processus d\u2019immigration au Canada.<\/p>\n\t\t\t\t\t\t\t\t<\/div>\n\t\t\t\t<\/div>\n\t\t\t\t<\/div>\n\t\t<div class=\"elementor-element elementor-element-48c26bf e-con-full e-flex e-con e-child\" data-id=\"48c26bf\" data-element_type=\"container\">\n\t\t\t\t<div class=\"elementor-element elementor-element-93c8942 elementor-position-left elementor-vertical-align-middle elementor-position-top elementor-widget elementor-widget-image-box\" data-id=\"93c8942\" data-element_type=\"widget\" data-widget_type=\"image-box.default\">\n\t\t\t\t<div class=\"elementor-widget-container\">\n\t\t\t\t\t<div class=\"elementor-image-box-wrapper\"><figure class=\"elementor-image-box-img\"><img loading=\"lazy\" decoding=\"async\" width=\"300\" height=\"300\" src=\"https:\/\/artim.ca\/wp-content\/uploads\/2024\/06\/Pamela-Juteau-300x300.jpg\" class=\"attachment-medium size-medium wp-image-4495\" alt=\"\" title=\"\" srcset=\"https:\/\/artim.ca\/wp-content\/uploads\/2024\/06\/Pamela-Juteau-300x300.jpg 300w, https:\/\/artim.ca\/wp-content\/uploads\/2024\/06\/Pamela-Juteau-1024x1024.jpg 1024w, https:\/\/artim.ca\/wp-content\/uploads\/2024\/06\/Pamela-Juteau-150x150.jpg 150w, https:\/\/artim.ca\/wp-content\/uploads\/2024\/06\/Pamela-Juteau-768x768.jpg 768w, https:\/\/artim.ca\/wp-content\/uploads\/2024\/06\/Pamela-Juteau.jpg 1359w\" sizes=\"(max-width: 300px) 100vw, 300px\" \/><\/figure><div class=\"elementor-image-box-content\"><h3 class=\"elementor-image-box-title\">Pam\u00e9la Juteau<\/h3><p class=\"elementor-image-box-description\">Gestionnaire de dossier<\/p><\/div><\/div>\t\t\t\t<\/div>\n\t\t\t\t<\/div>\n\t\t\t\t<div class=\"elementor-element elementor-element-4d3ae61 elementor-widget-divider--view-line elementor-widget elementor-widget-divider\" data-id=\"4d3ae61\" data-element_type=\"widget\" data-widget_type=\"divider.default\">\n\t\t\t\t<div class=\"elementor-widget-container\">\n\t\t\t\t\t\t\t<div class=\"elementor-divider\">\n\t\t\t<span class=\"elementor-divider-separator\">\n\t\t\t\t\t\t<\/span>\n\t\t<\/div>\n\t\t\t\t\t\t<\/div>\n\t\t\t\t<\/div>\n\t\t<div class=\"elementor-element elementor-element-165831f e-con-full e-flex e-con e-child\" data-id=\"165831f\" data-element_type=\"container\">\n\t\t\t\t<div class=\"elementor-element elementor-element-333987b elementor-widget__width-auto elementor-view-default elementor-widget elementor-widget-icon\" data-id=\"333987b\" data-element_type=\"widget\" data-widget_type=\"icon.default\">\n\t\t\t\t<div class=\"elementor-widget-container\">\n\t\t\t\t\t\t\t<div class=\"elementor-icon-wrapper\">\n\t\t\t<div class=\"elementor-icon\">\n\t\t\t<i aria-hidden=\"true\" class=\"fas fa-language\"><\/i>\t\t\t<\/div>\n\t\t<\/div>\n\t\t\t\t\t\t<\/div>\n\t\t\t\t<\/div>\n\t\t\t\t<div class=\"elementor-element elementor-element-d9c48fc elementor-widget__width-auto elementor-widget elementor-widget-heading\" data-id=\"d9c48fc\" data-element_type=\"widget\" data-widget_type=\"heading.default\">\n\t\t\t\t<div class=\"elementor-widget-container\">\n\t\t\t\t\t<span class=\"elementor-heading-title elementor-size-default\">Fran\u00e7ais et anglais<\/span>\t\t\t\t<\/div>\n\t\t\t\t<\/div>\n\t\t\t\t<\/div>\n\t\t\t\t<div class=\"elementor-element elementor-element-8d88116 elementor-widget elementor-widget-text-editor\" data-id=\"8d88116\" data-element_type=\"widget\" data-widget_type=\"text-editor.default\">\n\t\t\t\t<div class=\"elementor-widget-container\">\n\t\t\t\t\t\t\t\t\t<p>Pam\u00e9la \u00e9volue dans le domaine du droit de l\u2019immigration depuis 2019. Dipl\u00f4m\u00e9e en communications de l\u2019Universit\u00e9 du Qu\u00e9bec \u00e0 Montr\u00e9al, elle a acquis de solides comp\u00e9tences en gestion et en organisation.<\/p>\n<p>Elle se distingue par son souci du d\u00e9tail, son engagement envers les dossiers de ses clients et sa d\u00e9termination \u00e0 obtenir des r\u00e9sultats, ce qui la pousse \u00e0 toujours viser l\u2019excellence dans son travail.<\/p>\n\t\t\t\t\t\t\t\t<\/div>\n\t\t\t\t<\/div>\n\t\t\t\t<\/div>\n\t\t<div class=\"elementor-element elementor-element-fe40896 e-con-full e-flex e-con e-child\" data-id=\"fe40896\" data-element_type=\"container\">\n\t\t\t\t<div class=\"elementor-element elementor-element-49216ec elementor-position-left elementor-vertical-align-middle elementor-position-top elementor-widget elementor-widget-image-box\" data-id=\"49216ec\" data-element_type=\"widget\" data-widget_type=\"image-box.default\">\n\t\t\t\t<div class=\"elementor-widget-container\">\n\t\t\t\t\t<div class=\"elementor-image-box-wrapper\"><figure class=\"elementor-image-box-img\"><img loading=\"lazy\" decoding=\"async\" width=\"300\" height=\"300\" src=\"https:\/\/artim.ca\/wp-content\/uploads\/2025\/06\/Andrea-Diaz-Helmeyer-300x300.jpg\" class=\"attachment-medium size-medium wp-image-4971\" alt=\"\" title=\"\" srcset=\"https:\/\/artim.ca\/wp-content\/uploads\/2025\/06\/Andrea-Diaz-Helmeyer-300x300.jpg 300w, https:\/\/artim.ca\/wp-content\/uploads\/2025\/06\/Andrea-Diaz-Helmeyer-1024x1024.jpg 1024w, https:\/\/artim.ca\/wp-content\/uploads\/2025\/06\/Andrea-Diaz-Helmeyer-150x150.jpg 150w, https:\/\/artim.ca\/wp-content\/uploads\/2025\/06\/Andrea-Diaz-Helmeyer-768x768.jpg 768w, https:\/\/artim.ca\/wp-content\/uploads\/2025\/06\/Andrea-Diaz-Helmeyer-400x400.jpg 400w, https:\/\/artim.ca\/wp-content\/uploads\/2025\/06\/Andrea-Diaz-Helmeyer-600x600.jpg 600w, https:\/\/artim.ca\/wp-content\/uploads\/2025\/06\/Andrea-Diaz-Helmeyer.jpg 1136w\" sizes=\"(max-width: 300px) 100vw, 300px\" \/><\/figure><div class=\"elementor-image-box-content\"><h3 class=\"elementor-image-box-title\">Andrea D\u00edaz Helmeyer<\/h3><p class=\"elementor-image-box-description\">Gestionnaire de dossier<\/p><\/div><\/div>\t\t\t\t<\/div>\n\t\t\t\t<\/div>\n\t\t\t\t<div class=\"elementor-element elementor-element-025eca0 elementor-widget-divider--view-line elementor-widget elementor-widget-divider\" data-id=\"025eca0\" data-element_type=\"widget\" data-widget_type=\"divider.default\">\n\t\t\t\t<div class=\"elementor-widget-container\">\n\t\t\t\t\t\t\t<div class=\"elementor-divider\">\n\t\t\t<span class=\"elementor-divider-separator\">\n\t\t\t\t\t\t<\/span>\n\t\t<\/div>\n\t\t\t\t\t\t<\/div>\n\t\t\t\t<\/div>\n\t\t<div class=\"elementor-element elementor-element-4791262 e-con-full e-flex e-con e-child\" data-id=\"4791262\" data-element_type=\"container\">\n\t\t\t\t<div class=\"elementor-element elementor-element-21371aa elementor-widget__width-auto elementor-view-default elementor-widget elementor-widget-icon\" data-id=\"21371aa\" data-element_type=\"widget\" data-widget_type=\"icon.default\">\n\t\t\t\t<div class=\"elementor-widget-container\">\n\t\t\t\t\t\t\t<div class=\"elementor-icon-wrapper\">\n\t\t\t<div class=\"elementor-icon\">\n\t\t\t<i aria-hidden=\"true\" class=\"fas fa-language\"><\/i>\t\t\t<\/div>\n\t\t<\/div>\n\t\t\t\t\t\t<\/div>\n\t\t\t\t<\/div>\n\t\t\t\t<div class=\"elementor-element elementor-element-32a23e6 elementor-widget__width-auto elementor-widget elementor-widget-heading\" data-id=\"32a23e6\" data-element_type=\"widget\" data-widget_type=\"heading.default\">\n\t\t\t\t<div class=\"elementor-widget-container\">\n\t\t\t\t\t<span class=\"elementor-heading-title elementor-size-default\">Fran\u00e7ais, anglais et espagnol<\/span>\t\t\t\t<\/div>\n\t\t\t\t<\/div>\n\t\t\t\t<\/div>\n\t\t\t\t<div class=\"elementor-element elementor-element-527164f elementor-widget elementor-widget-text-editor\" data-id=\"527164f\" data-element_type=\"widget\" data-widget_type=\"text-editor.default\">\n\t\t\t\t<div class=\"elementor-widget-container\">\n\t\t\t\t\t\t\t\t\t<p>Andrea D\u00edaz Helmeyer est une professionnelle du droit avec une solide formation acad\u00e9mique, incluant un dipl\u00f4me en Techniques Juridiques du Coll\u00e8ge O\u2019Sullivan (2015), un Certificat en Droit (2018), un Certificat en Droit Social et du Travail (2021) et un baccalaur\u00e9at en droit de l\u2019UQAM (2024). Depuis plus de 10 ans, elle a le plaisir de travailler dans divers domaines du droit, en se sp\u00e9cialisant dans le droit de l\u2019immigration.<\/p>\n<p>Au-del\u00e0 du domaine juridique, Andrea s\u2019engage activement dans sa communaut\u00e9, en participant \u00e0 des actions b\u00e9n\u00e9voles et en soutenant la communaut\u00e9 latino-am\u00e9ricaine \u00e0 Montr\u00e9al. Sa mission est d\u2019offrir les outils n\u00e9cessaires \u00e0 la r\u00e9ussite et d\u2019avoir un impact positif sur la soci\u00e9t\u00e9.<\/p>\n\t\t\t\t\t\t\t\t<\/div>\n\t\t\t\t<\/div>\n\t\t\t\t<\/div>\n\t\t<div class=\"elementor-element elementor-element-bc63c5c e-con-full e-flex e-con e-child\" data-id=\"bc63c5c\" data-element_type=\"container\">\n\t\t\t\t<div class=\"elementor-element elementor-element-bb8cb27 elementor-position-left elementor-vertical-align-middle elementor-position-top elementor-widget elementor-widget-image-box\" data-id=\"bb8cb27\" data-element_type=\"widget\" data-widget_type=\"image-box.default\">\n\t\t\t\t<div class=\"elementor-widget-container\">\n\t\t\t\t\t<div class=\"elementor-image-box-wrapper\"><figure class=\"elementor-image-box-img\"><img loading=\"lazy\" decoding=\"async\" width=\"300\" height=\"300\" src=\"https:\/\/artim.ca\/wp-content\/uploads\/2025\/06\/Stephany-Pulido-300x300.jpg\" class=\"attachment-medium size-medium wp-image-4974\" alt=\"\" title=\"\" srcset=\"https:\/\/artim.ca\/wp-content\/uploads\/2025\/06\/Stephany-Pulido-300x300.jpg 300w, https:\/\/artim.ca\/wp-content\/uploads\/2025\/06\/Stephany-Pulido-1024x1024.jpg 1024w, https:\/\/artim.ca\/wp-content\/uploads\/2025\/06\/Stephany-Pulido-150x150.jpg 150w, https:\/\/artim.ca\/wp-content\/uploads\/2025\/06\/Stephany-Pulido-768x768.jpg 768w, https:\/\/artim.ca\/wp-content\/uploads\/2025\/06\/Stephany-Pulido-400x400.jpg 400w, https:\/\/artim.ca\/wp-content\/uploads\/2025\/06\/Stephany-Pulido-600x600.jpg 600w, https:\/\/artim.ca\/wp-content\/uploads\/2025\/06\/Stephany-Pulido.jpg 1501w\" sizes=\"(max-width: 300px) 100vw, 300px\" \/><\/figure><div class=\"elementor-image-box-content\"><h3 class=\"elementor-image-box-title\">Stephany Pulido<\/h3><p class=\"elementor-image-box-description\">Assistante Administrative<\/p><\/div><\/div>\t\t\t\t<\/div>\n\t\t\t\t<\/div>\n\t\t\t\t<div class=\"elementor-element elementor-element-66c41b4 elementor-widget-divider--view-line elementor-widget elementor-widget-divider\" data-id=\"66c41b4\" data-element_type=\"widget\" data-widget_type=\"divider.default\">\n\t\t\t\t<div class=\"elementor-widget-container\">\n\t\t\t\t\t\t\t<div class=\"elementor-divider\">\n\t\t\t<span class=\"elementor-divider-separator\">\n\t\t\t\t\t\t<\/span>\n\t\t<\/div>\n\t\t\t\t\t\t<\/div>\n\t\t\t\t<\/div>\n\t\t<div class=\"elementor-element elementor-element-e306bd7 e-con-full e-flex e-con e-child\" data-id=\"e306bd7\" data-element_type=\"container\">\n\t\t\t\t<div class=\"elementor-element elementor-element-33d18d2 elementor-widget__width-auto elementor-view-default elementor-widget elementor-widget-icon\" data-id=\"33d18d2\" data-element_type=\"widget\" data-widget_type=\"icon.default\">\n\t\t\t\t<div class=\"elementor-widget-container\">\n\t\t\t\t\t\t\t<div class=\"elementor-icon-wrapper\">\n\t\t\t<div class=\"elementor-icon\">\n\t\t\t<i aria-hidden=\"true\" class=\"fas fa-language\"><\/i>\t\t\t<\/div>\n\t\t<\/div>\n\t\t\t\t\t\t<\/div>\n\t\t\t\t<\/div>\n\t\t\t\t<div class=\"elementor-element elementor-element-11b9cd1 elementor-widget__width-auto elementor-widget elementor-widget-heading\" data-id=\"11b9cd1\" data-element_type=\"widget\" data-widget_type=\"heading.default\">\n\t\t\t\t<div class=\"elementor-widget-container\">\n\t\t\t\t\t<span class=\"elementor-heading-title elementor-size-default\">Fran\u00e7ais, anglais et espagnol<\/span>\t\t\t\t<\/div>\n\t\t\t\t<\/div>\n\t\t\t\t<\/div>\n\t\t\t\t<div class=\"elementor-element elementor-element-ebb5814 elementor-widget elementor-widget-text-editor\" data-id=\"ebb5814\" data-element_type=\"widget\" data-widget_type=\"text-editor.default\">\n\t\t\t\t<div class=\"elementor-widget-container\">\n\t\t\t\t\t\t\t\t\t<p>Stephany Pulido est notre assistante administrative d\u00e9vou\u00e9e et rigoureuse. Elle est titulaire d\u2019un dipl\u00f4me universitaire en psychologie, ainsi que d\u2019un dipl\u00f4me en \u00e9tudes de secr\u00e9tariat avec une sp\u00e9cialisation juridique. Depuis 2023, elle travaille dans le domaine de l\u2019immigration, g\u00e9rant efficacement les op\u00e9rations administratives quotidiennes et pr\u00e9parant la documentation l\u00e9gale<\/p>\n<p>Son parcours en psychologie renforce ses comp\u00e9tences en communication, en empathie et en r\u00e9solution de probl\u00e8mes, faisant d\u2019elle un atout pr\u00e9cieux pour notre \u00e9quipe juridique.<\/p>\n\t\t\t\t\t\t\t\t<\/div>\n\t\t\t\t<\/div>\n\t\t\t\t<\/div>\n\t\t<div class=\"elementor-element elementor-element-ddf54e1 e-con-full e-flex e-con e-child\" data-id=\"ddf54e1\" data-element_type=\"container\">\n\t\t\t\t<div class=\"elementor-element elementor-element-896e2d5 elementor-position-left elementor-vertical-align-middle elementor-position-top elementor-widget elementor-widget-image-box\" data-id=\"896e2d5\" data-element_type=\"widget\" data-widget_type=\"image-box.default\">\n\t\t\t\t<div class=\"elementor-widget-container\">\n\t\t\t\t\t<div class=\"elementor-image-box-wrapper\"><figure class=\"elementor-image-box-img\"><img loading=\"lazy\" decoding=\"async\" width=\"300\" height=\"300\" src=\"https:\/\/artim.ca\/wp-content\/uploads\/2024\/01\/Carolina-3-300x300.jpg\" class=\"attachment-medium size-medium wp-image-4429\" alt=\"\" title=\"\" srcset=\"https:\/\/artim.ca\/wp-content\/uploads\/2024\/01\/Carolina-3-300x300.jpg 300w, https:\/\/artim.ca\/wp-content\/uploads\/2024\/01\/Carolina-3-1024x1024.jpg 1024w, https:\/\/artim.ca\/wp-content\/uploads\/2024\/01\/Carolina-3-150x150.jpg 150w, https:\/\/artim.ca\/wp-content\/uploads\/2024\/01\/Carolina-3-768x768.jpg 768w, https:\/\/artim.ca\/wp-content\/uploads\/2024\/01\/Carolina-3.jpg 1283w\" sizes=\"(max-width: 300px) 100vw, 300px\" \/><\/figure><div class=\"elementor-image-box-content\"><h3 class=\"elementor-image-box-title\">Carolina Pach\u00f3n<\/h3><p class=\"elementor-image-box-description\">Sp\u00e9cialiste Marketing Num\u00e9rique<\/p><\/div><\/div>\t\t\t\t<\/div>\n\t\t\t\t<\/div>\n\t\t\t\t<div class=\"elementor-element elementor-element-a0e8637 elementor-widget-divider--view-line elementor-widget elementor-widget-divider\" data-id=\"a0e8637\" data-element_type=\"widget\" data-widget_type=\"divider.default\">\n\t\t\t\t<div class=\"elementor-widget-container\">\n\t\t\t\t\t\t\t<div class=\"elementor-divider\">\n\t\t\t<span class=\"elementor-divider-separator\">\n\t\t\t\t\t\t<\/span>\n\t\t<\/div>\n\t\t\t\t\t\t<\/div>\n\t\t\t\t<\/div>\n\t\t<div class=\"elementor-element elementor-element-7c72189 e-con-full e-flex e-con e-child\" data-id=\"7c72189\" data-element_type=\"container\">\n\t\t\t\t<div class=\"elementor-element elementor-element-922a047 elementor-widget__width-auto elementor-view-default elementor-widget elementor-widget-icon\" data-id=\"922a047\" data-element_type=\"widget\" data-widget_type=\"icon.default\">\n\t\t\t\t<div class=\"elementor-widget-container\">\n\t\t\t\t\t\t\t<div class=\"elementor-icon-wrapper\">\n\t\t\t<div class=\"elementor-icon\">\n\t\t\t<i aria-hidden=\"true\" class=\"fas fa-language\"><\/i>\t\t\t<\/div>\n\t\t<\/div>\n\t\t\t\t\t\t<\/div>\n\t\t\t\t<\/div>\n\t\t\t\t<div class=\"elementor-element elementor-element-6b86f17 elementor-widget__width-auto elementor-widget elementor-widget-heading\" data-id=\"6b86f17\" data-element_type=\"widget\" data-widget_type=\"heading.default\">\n\t\t\t\t<div class=\"elementor-widget-container\">\n\t\t\t\t\t<span class=\"elementor-heading-title elementor-size-default\">Fran\u00e7ais, anglais et espagnol<\/span>\t\t\t\t<\/div>\n\t\t\t\t<\/div>\n\t\t\t\t<\/div>\n\t\t\t\t<div class=\"elementor-element elementor-element-6756bcd elementor-widget elementor-widget-text-editor\" data-id=\"6756bcd\" data-element_type=\"widget\" data-widget_type=\"text-editor.default\">\n\t\t\t\t<div class=\"elementor-widget-container\">\n\t\t\t\t\t\t\t\t\t<p>Avec plus de 16 ans d\u2019exp\u00e9rience en marketing et vente, Carolina est titulaire d\u2019un dipl\u00f4me d\u2019\u00e9tudes sup\u00e9rieures en gestion de commerce et marketing, d\u2019un dipl\u00f4me d\u2019\u00e9tudes sp\u00e9cialis\u00e9es en marketing num\u00e9rique et d\u2019un dipl\u00f4me professionnel en commerce international.<\/p>\n<p>Depuis 2005, elle a dirig\u00e9 plusieurs projets de d\u00e9veloppement de march\u00e9s, conseillant sur les strat\u00e9gies de vente et de marketing. Carolina est charg\u00e9e de la pr\u00e9sence sur les r\u00e9seaux sociaux et de la gestion du contenu de Martineau &#038; Mindicanu.<\/p>\n\t\t\t\t\t\t\t\t<\/div>\n\t\t\t\t<\/div>\n\t\t\t\t<\/div>\n\t\t<div class=\"elementor-element elementor-element-2e55093 e-con-full e-flex e-con e-child\" data-id=\"2e55093\" data-element_type=\"container\">\n\t\t\t\t<div class=\"elementor-element elementor-element-8858892 elementor-position-left elementor-vertical-align-middle elementor-position-top elementor-widget elementor-widget-image-box\" data-id=\"8858892\" data-element_type=\"widget\" data-widget_type=\"image-box.default\">\n\t\t\t\t<div class=\"elementor-widget-container\">\n\t\t\t\t\t<div class=\"elementor-image-box-wrapper\"><figure class=\"elementor-image-box-img\"><img loading=\"lazy\" decoding=\"async\" width=\"300\" height=\"300\" src=\"https:\/\/artim.ca\/wp-content\/uploads\/2026\/01\/Andrezza-Lenci-300x300.jpg\" class=\"attachment-medium size-medium wp-image-5351\" alt=\"\" title=\"\" srcset=\"https:\/\/artim.ca\/wp-content\/uploads\/2026\/01\/Andrezza-Lenci-300x300.jpg 300w, https:\/\/artim.ca\/wp-content\/uploads\/2026\/01\/Andrezza-Lenci-1024x1024.jpg 1024w, https:\/\/artim.ca\/wp-content\/uploads\/2026\/01\/Andrezza-Lenci-150x150.jpg 150w, https:\/\/artim.ca\/wp-content\/uploads\/2026\/01\/Andrezza-Lenci-768x768.jpg 768w, https:\/\/artim.ca\/wp-content\/uploads\/2026\/01\/Andrezza-Lenci.jpg 1173w\" sizes=\"(max-width: 300px) 100vw, 300px\" \/><\/figure><div class=\"elementor-image-box-content\"><h3 class=\"elementor-image-box-title\">Andrezza Lenci<\/h3><p class=\"elementor-image-box-description\">Gestionnaire de dossier<\/p><\/div><\/div>\t\t\t\t<\/div>\n\t\t\t\t<\/div>\n\t\t\t\t<div class=\"elementor-element elementor-element-ad0634c elementor-widget-divider--view-line elementor-widget elementor-widget-divider\" data-id=\"ad0634c\" data-element_type=\"widget\" data-widget_type=\"divider.default\">\n\t\t\t\t<div class=\"elementor-widget-container\">\n\t\t\t\t\t\t\t<div class=\"elementor-divider\">\n\t\t\t<span class=\"elementor-divider-separator\">\n\t\t\t\t\t\t<\/span>\n\t\t<\/div>\n\t\t\t\t\t\t<\/div>\n\t\t\t\t<\/div>\n\t\t<div class=\"elementor-element elementor-element-c9eb85c e-con-full e-flex e-con e-child\" data-id=\"c9eb85c\" data-element_type=\"container\">\n\t\t\t\t<div class=\"elementor-element elementor-element-53126b8 elementor-widget__width-auto elementor-view-default elementor-widget elementor-widget-icon\" data-id=\"53126b8\" data-element_type=\"widget\" data-widget_type=\"icon.default\">\n\t\t\t\t<div class=\"elementor-widget-container\">\n\t\t\t\t\t\t\t<div class=\"elementor-icon-wrapper\">\n\t\t\t<div class=\"elementor-icon\">\n\t\t\t<i aria-hidden=\"true\" class=\"fas fa-language\"><\/i>\t\t\t<\/div>\n\t\t<\/div>\n\t\t\t\t\t\t<\/div>\n\t\t\t\t<\/div>\n\t\t\t\t<div class=\"elementor-element elementor-element-2d47dad elementor-widget__width-auto elementor-widget elementor-widget-heading\" data-id=\"2d47dad\" data-element_type=\"widget\" data-widget_type=\"heading.default\">\n\t\t\t\t<div class=\"elementor-widget-container\">\n\t\t\t\t\t<span class=\"elementor-heading-title elementor-size-default\">Fran\u00e7ais, anglais, espagnol et portugais<\/span>\t\t\t\t<\/div>\n\t\t\t\t<\/div>\n\t\t\t\t<\/div>\n\t\t\t\t<div class=\"elementor-element elementor-element-b0041fb elementor-widget elementor-widget-text-editor\" data-id=\"b0041fb\" data-element_type=\"widget\" data-widget_type=\"text-editor.default\">\n\t\t\t\t<div class=\"elementor-widget-container\">\n\t\t\t\t\t\t\t\t\t<p>Professionnelle en administration et en coordination de projets, Andrezza cumule une solide exp\u00e9rience dans la gestion de dossiers complexes en immigration ainsi que dans le soutien organisationnel depuis 2017.<\/p>\n<p>Ayant collabor\u00e9 avec des clients provenant de divers pays, elle ma\u00eetrise les sp\u00e9cificit\u00e9s des documents internationaux et a d\u00e9velopp\u00e9 une approche rigoureuse, polyvalente et adapt\u00e9e \u00e0 chaque situation.<\/p>\n<p>Multilingue, Andrezza privil\u00e9gie une communication claire, humaine et personnalis\u00e9e avec chaque client, tout en garantissant la confidentialit\u00e9, la fiabilit\u00e9 et la qualit\u00e9 de l\u2019ensemble des processus administratifs et d\u2019immigration qu\u2019elle coordonne.<\/p>\n\t\t\t\t\t\t\t\t<\/div>\n\t\t\t\t<\/div>\n\t\t\t\t<\/div>\n\t\t\t\t\t<\/div>\n\t\t\t\t<\/div>\n\t\t\t\t<section class=\"elementor-section elementor-top-section elementor-element elementor-element-4a1e1bb elementor-section-boxed elementor-section-height-default elementor-section-height-default\" data-id=\"4a1e1bb\" data-element_type=\"section\">\n\t\t\t\t\t\t<div class=\"elementor-container elementor-column-gap-default\">\n\t\t\t\t\t<div class=\"elementor-column elementor-col-100 elementor-top-column elementor-element elementor-element-ae84024\" data-id=\"ae84024\" data-element_type=\"column\">\n\t\t\t<div class=\"elementor-widget-wrap elementor-element-populated\">\n\t\t\t\t\t\t<div class=\"elementor-element elementor-element-2939a51 elementor-widget elementor-widget-text-editor\" data-id=\"2939a51\" data-element_type=\"widget\" data-widget_type=\"text-editor.default\">\n\t\t\t\t<div class=\"elementor-widget-container\">\n\t\t\t\t\t\t\t\t\t<p>Les membres de notre \u00e9quipe partagent une passion pour le domaine de l\u2019immigration et aiment faire de chaque processus une \u0153uvre d\u2019art. Nous avons h\u00e2te de vous accompagner dans vos projets d\u2019immigration!<\/p>\n\t\t\t\t\t\t\t\t<\/div>\n\t\t\t\t<\/div>\n\t\t\t\t\t<\/div>\n\t\t<\/div>\n\t\t\t\t\t<\/div>\n\t\t<\/section>\n\t\t\t\t<\/div>\n\t\t","protected":false},"excerpt":{"rendered":"<p>Martineau &amp; Mindicanu Vous trouverez ci-dessous les membres cl\u00e9s de notre \u00e9quipe qui offrent un accompagnement tout au long du processus d\u2019immigration. Gr\u00e2ce \u00e0 notre approche collaborative et personnalis\u00e9e, nos clients b\u00e9n\u00e9ficient de la force de nos connaissances collectives et de la diversit\u00e9 de nos perspectives. Notre \u00e9quipe M\u1d49 Yves Martineau Avocat, Fondateur Fran\u00e7ais, anglais [&hellip;]<\/p>\n","protected":false},"author":2,"featured_media":0,"parent":0,"menu_order":0,"comment_status":"closed","ping_status":"closed","template":"","meta":{"footnotes":""},"class_list":["post-2852","page","type-page","status-publish","hentry"],"_links":{"self":[{"href":"https:\/\/artim.ca\/fr\/wp-json\/wp\/v2\/pages\/2852","targetHints":{"allow":["GET"]}}],"collection":[{"href":"https:\/\/artim.ca\/fr\/wp-json\/wp\/v2\/pages"}],"about":[{"href":"https:\/\/artim.ca\/fr\/wp-json\/wp\/v2\/types\/page"}],"author":[{"embeddable":true,"href":"https:\/\/artim.ca\/fr\/wp-json\/wp\/v2\/users\/2"}],"replies":[{"embeddable":true,"href":"https:\/\/artim.ca\/fr\/wp-json\/wp\/v2\/comments?post=2852"}],"version-history":[{"count":63,"href":"https:\/\/artim.ca\/fr\/wp-json\/wp\/v2\/pages\/2852\/revisions"}],"predecessor-version":[{"id":5362,"href":"https:\/\/artim.ca\/fr\/wp-json\/wp\/v2\/pages\/2852\/revisions\/5362"}],"wp:attachment":[{"href":"https:\/\/artim.ca\/fr\/wp-json\/wp\/v2\/media?parent=2852"}],"curies":[{"name":"wp","href":"https:\/\/api.w.org\/{rel}","templated":true}]}}