{"id":4329,"date":"2023-09-20T13:36:36","date_gmt":"2023-09-20T17:36:36","guid":{"rendered":"https:\/\/artim.ca\/?page_id=4329"},"modified":"2023-10-03T10:56:49","modified_gmt":"2023-10-03T14:56:49","slug":"politica-de-privacidad","status":"publish","type":"page","link":"https:\/\/artim.ca\/es\/politica-de-privacidad\/","title":{"rendered":"Pol\u00edtica de privacidad"},"content":{"rendered":"\t\t<div data-elementor-type=\"wp-page\" data-elementor-id=\"4329\" class=\"elementor elementor-4329 elementor-4328\" data-elementor-post-type=\"page\">\n\t\t\t\t\t\t<section class=\"elementor-section elementor-top-section elementor-element elementor-element-4b49bd5b elementor-section-boxed elementor-section-height-default elementor-section-height-default\" data-id=\"4b49bd5b\" data-element_type=\"section\" data-settings=\"{&quot;background_background&quot;:&quot;classic&quot;}\">\n\t\t\t\t\t\t<div class=\"elementor-container elementor-column-gap-default\">\n\t\t\t\t\t<div class=\"elementor-column elementor-col-100 elementor-top-column elementor-element elementor-element-139d93d7\" data-id=\"139d93d7\" data-element_type=\"column\">\n\t\t\t<div class=\"elementor-widget-wrap elementor-element-populated\">\n\t\t\t\t\t\t<div class=\"elementor-element elementor-element-5842c83 elementor-widget elementor-widget-text-editor\" data-id=\"5842c83\" data-element_type=\"widget\" data-widget_type=\"text-editor.default\">\n\t\t\t\t<div class=\"elementor-widget-container\">\n\t\t\t\t\t\t\t\t\t<h4>Introducci\u00f3n<\/h4><p>En Martineau &amp; Mindicanu \u2013 El Arte de la Inmigraci\u00f3n (tambi\u00e9n referido como \u201cla firma\u201d en el presente texto), nos comprometemos a preservar la informaci\u00f3n de cada cliente de manera confidencial, en particular, de conformidad con las obligaciones estipuladas en la <i>Ley de Quebec<\/i> <i>con respecto a la protecci\u00f3n de la informaci\u00f3n personal en el sector privado<\/i> (cap\u00edtulo P-39.1 <i>Loi sur la protection des renseignements personnels dans le secteur priv\u00e9<\/i>), la <i>Ley<\/i> <i>con respecto al Colegio de Abogados de Quebec (Barreau du Qu\u00e9bec)<\/i> (cap\u00edtulo B-1 <i>Loi sur le Barreau<\/i>) y el <i>C\u00f3digo de \u00c9tica Profesional de Abogados <\/i>(cap\u00edtulo B-1, r. 3.1 <i>Code de d\u00e9ontologie des avocats<\/i>).<\/p><p>Consideramos que nuestras obligaciones con respecto a proteger la informaci\u00f3n personal no solo se aplican a nuestros clientes, sino tambi\u00e9n a cualquier persona que se comunica o interact\u00faa de manera privada con nuestra firma.<\/p><h4>\u00bfQu\u00e9 es la informaci\u00f3n personal?<\/h4><p>La informaci\u00f3n personal es cualquier informaci\u00f3n relacionada con una persona y permite que esa persona sea identificada. En el marco de la presente pol\u00edtica, una persona puede ser un individuo o una corporaci\u00f3n u organizaci\u00f3n. Esto incluye el nombre de una persona, la direcci\u00f3n y el correo electr\u00f3nico, el n\u00famero de tel\u00e9fono y la ocupaci\u00f3n, entre otros.<\/p><h4>\u00bfC\u00f3mo Martineau &amp; Mindicanu recolecta la informaci\u00f3n personal?<\/h4><p>En t\u00e9rminos generales, cuando una persona interact\u00faa con nuestra firma, esta recolecta su informaci\u00f3n. Cuando una persona ingresa su informaci\u00f3n, existe un consentimiento impl\u00edcito de que Martineau &amp; Mindicanu recolectar\u00e1 esta informaci\u00f3n. La informaci\u00f3n personal recolectada no se comparte con ning\u00fan tercero, a menos que sea obligado por la ley. Por supuesto, como parte de un mandato de representaci\u00f3n, la informaci\u00f3n personal del cliente se compartir\u00e1 con la autoridad competente para el prop\u00f3sito del procedimiento requerido, siempre pensando en el mejor inter\u00e9s del cliente. A continuaci\u00f3n, enumeramos las principales formas en que la firma recolecta la informaci\u00f3n personal, aparte del contexto de un mandato de representaci\u00f3n otorgado a la firma.<\/p><ul><li>Cuando una persona ingresa su informaci\u00f3n en uno de los formularios en l\u00ednea de la p\u00e1gina web<a href=\"http:\/\/www.artim.ca\/\"> www.artim.ca<\/a>, para prop\u00f3sitos tales como programar un consulta, solicitar un contrato, registrarse en el bolet\u00edn de la firma.<\/li><li>Cuando una persona env\u00eda un mensaje por correo electr\u00f3nico a la firma.<\/li><li>Cuando una persona interact\u00faa con las redes sociales de la firma: El Blog de Martineau &amp; Mindicanu, incluyendo sus versiones en ingl\u00e9s y franc\u00e9s; Facebook Martineau &amp; Mindicanu \u2013 El Arte de la Inmigraci\u00f3n; Instagram martineaumindicanu; WhatsApp Martineau &amp; Mindicanu \u2013 El Arte de la Inmigraci\u00f3n; X @ImmigrationArt; LinkedIn Martineau &amp; Mindicanu \u2013 The Art of Immigration o abogado Yves Martineau; YouTube Martineau &amp; Mindicanu y Google Martineau &amp; Mindicanu.<\/li><\/ul><h4>\u00bfQu\u00e9 informaci\u00f3n personal no puede proteger la firma?<\/h4><p>Con respecto a las redes sociales, la firma no protege, y no considera que debe proteger, la informaci\u00f3n personal cuando una persona interact\u00faa p\u00fablicamente, por ejemplo, cuando publica un comentario o una pregunta. La respuesta de la firma a dichas preguntas o comentarios publicados no incluir\u00e1 informaci\u00f3n obtenida a trav\u00e9s de medios privados. Para mayor claridad, si una persona publica una pregunta en la p\u00e1gina de Facebook de la firma, la persona expone voluntariamente su propia informaci\u00f3n; Facebook y otras partes pueden recolectar la informaci\u00f3n de la persona y la firma no tiene responsabilidad ni ninguna obligaci\u00f3n hacia la persona en ese sentido. No obstante, si la firma recolecta la informaci\u00f3n de esa persona cuando se registr\u00f3 en el bolet\u00edn de la firma o envi\u00f3 un mensaje de conversaci\u00f3n privado, esta informaci\u00f3n recolectada de manera privada no se divulgar\u00e1 en la respuesta p\u00fablica de la firma a esa persona.<\/p><p>Cuando se publican art\u00edculos, un mensaje o una imagen, a menudo, la firma proporciona la fuente de la informaci\u00f3n y refiere otras p\u00e1ginas web; posiblemente, esas otras p\u00e1ginas web podr\u00edan recolectar la informaci\u00f3n personal y la firma no tendr\u00e1 responsabilidad por las acciones o las pr\u00e1cticas de dichas p\u00e1ginas web de terceros. Por ejemplo, la firma podr\u00eda citar un art\u00edculo de un peri\u00f3dico y dar el enlace hacia el art\u00edculo original. A\u00fan as\u00ed, la firma se compromete en citar fuentes fiables y reconocidas.<\/p><h4>\u00bfBajo qu\u00e9 circunstancias y condiciones la firma puede cesar de proteger la informaci\u00f3n personal?<\/h4><p>Seg\u00fan la ley, la firma puede divulgar la informaci\u00f3n personal, incluso de los clientes, en circunstancias descritas en el <i>C\u00f3digo de \u00c9tica Profesional de Abogados <\/i>(cap\u00edtulo B-1, r. 3.1), secci\u00f3n 65, la misma que se copia a continuaci\u00f3n:<\/p><p style=\"padding-left: 40px;\">65. Un abogado puede comunicar informaci\u00f3n confidencial en las siguientes situaciones:<br \/>(1) Con la autorizaci\u00f3n expresa o impl\u00edcita del cliente;<br \/>(2) Si una disposici\u00f3n legal expresa se lo ordena o lo autoriza para ello;<br \/>(3) Con el fin de cobrar honorarios adeudados ante el tribunal;<br \/>(4) Con el fin de defenderse a s\u00ed mismo en el caso de procedimientos, quejas o alegaciones cuestionando su competencia profesional o \u00e9tica; o<br \/>(5) Para identificar o resolver conflictos de inter\u00e9s que surjan de un cambio de firma por parte de un abogado o cambios a la composici\u00f3n o la propiedad de una firma, pero solo si la informaci\u00f3n necesaria para este prop\u00f3sito, principalmente, los nombres de los clientes actuales y anteriores y la naturaleza en conjunto de los mandatos encomendados por dichos clientes, no pone en riesgo el secreto profesional o si, al realizarlo, no resultar\u00e1 en perjuicio de dichos clientes;<br \/>(6) Con el fin de impedir un acto de violencia, incluyendo un suicidio, donde el abogado tiene un motivo razonable para creer que existe un peligro inminente de muerte o da\u00f1o corporal grave hacia una persona o un grupo de personas identificable.<\/p><h4>\u00bfQu\u00e9 hace la firma con la informaci\u00f3n personal?<\/h4><p>Martineau &amp; Mindicanu recolecta, utiliza y divulga la informaci\u00f3n personal, principalmente, para brindar asesor\u00eda legal y representaci\u00f3n en temas migratorios. La firma tambi\u00e9n puede utilizar la informaci\u00f3n personal cuando dirige ciertos mensajes pertinentes, por ejemplo, la ubicaci\u00f3n geogr\u00e1fica, la nacionalidad, los antecedentes profesionales o de educaci\u00f3n o el conocimiento de idiomas de una persona. Asimismo, la firma puede utilizar la informaci\u00f3n personal para sus comunicaciones y mercadotecnia. Bajo ninguna circunstancia, la firma vender\u00e1 la informaci\u00f3n personal o tendr\u00e1 alg\u00fan beneficio directo o indirecto al compartir la informaci\u00f3n personal con un tercero. Si un tercero provee servicios a la firma con relaci\u00f3n a sus servidores, bases de datos, p\u00e1gina web, administraci\u00f3n de archivos o cualquier otro elemento donde la informaci\u00f3n personal transite o sea almacenada, la firma se asegura de que dichos terceros protejan la informaci\u00f3n personal. La informaci\u00f3n personal recolectada por la firma o proporcionada a la misma es confidencial, no se comparte con ning\u00fan tercero, excepto con el consentimiento del cliente o seg\u00fan sea permitido o requerido por la ley.<\/p><h4>Almacenamiento y seguridad de la informaci\u00f3n personal<\/h4><p>La informaci\u00f3n personal se trata como informaci\u00f3n confidencial. La firma vela para garantizar que la informaci\u00f3n personal siempre est\u00e9 protegida y sea conservada de manera segura. En particular, Martineau &amp; Mindicanu almacena la informaci\u00f3n personal en servidores canadienses, que creemos est\u00e1n mejor protegidos contra la violaci\u00f3n a la privacidad. La informaci\u00f3n se almacena en dispositivos de copias de seguridad de manera peri\u00f3dica. Existen procedimientos internos establecidos para asegurar el acceso y el almacenamiento tanto f\u00edsico como en l\u00ednea.<\/p><p>La comunicaci\u00f3n de datos por correo electr\u00f3nico y a trav\u00e9s de formularios en la p\u00e1gina web de la firma est\u00e1 protegida por claves y c\u00f3digos de verificaci\u00f3n, aunque dicha comunicaci\u00f3n nunca puede estar libre de riesgo completamente. La firma monitorea de manera constante los accesos y practica la diligencia debida.<\/p><h4>Destrucci\u00f3n de la informaci\u00f3n personal<\/h4><p>Debido a la naturaleza de nuestros servicios, aunque la firma tiene la obligaci\u00f3n de conservar los expedientes cerrados por lo menos 7 a\u00f1os, generalmente, no destruimos los expedientes. Los procedimientos de inmigraci\u00f3n pueden involucrar una serie de eventos que ocurrir\u00e1n durante muchos a\u00f1os. Cuando destruimos un expediente, mantenemos una pista del momento en que se ha destruido y lo realizamos de manera segura.<\/p><h4>Acceso a su informaci\u00f3n personal<\/h4><p>Al proporcionar su informaci\u00f3n personal a la firma, da su consentimiento para la recolecci\u00f3n, la utilizaci\u00f3n y la divulgaci\u00f3n de su informaci\u00f3n de conformidad con la presente pol\u00edtica. Tiene derecho a:<\/p><ul><li>Verificar la informaci\u00f3n personal recolectada por nosotros;<\/li><li>Enmendar, revisar, editar, actualizar o modificar la informaci\u00f3n personal recolectada por nosotros;<\/li><li>Retirar su consentimiento para la recolecci\u00f3n, la utilizaci\u00f3n y la divulgaci\u00f3n de la informaci\u00f3n personal;<\/li><li>Acceder a su informaci\u00f3n personal.<\/li><\/ul><p>Sin embargo, estos derechos no son absolutos y est\u00e1n sujetos a condiciones, principalmente, con respecto al derecho a la privacidad de otras personas quienes interact\u00faan con Martineau &amp; Mindicanu y a las obligaciones profesionales y legales de la firma. Si la firma rechaza su solicitud con respecto a su informaci\u00f3n personal, le proporcionaremos, seg\u00fan nuestras obligaciones profesionales, las razones de dicho rechazo. Las solicitudes pueden realizarse por correo electr\u00f3nico o a trav\u00e9s del formulario de contacto de la firma en<a href=\"https:\/\/artim.ca\/es\/contactenos\/\"> https:\/\/artim.ca\/contact-us\/<\/a><\/p><p>Por Yves Martineau, abogado<br \/>Director asociado<br \/>Responsable de la pol\u00edtica de privacidad<br \/>Martineau &amp; Mindicanu Inc.<\/p><p>7450 Saint-Hubert<br \/>Montr\u00e9al, Qu\u00e9bec<br \/>H2R 2N3 Canad\u00e1<br \/><a href=\"mailto:info@artim.ca\">info@artim.ca<\/a><\/p><p>Martineau &amp; Mindicanu se reserva el derecho de editar o modificar la pol\u00edtica actual.<\/p>\t\t\t\t\t\t\t\t<\/div>\n\t\t\t\t<\/div>\n\t\t\t\t\t<\/div>\n\t\t<\/div>\n\t\t\t\t\t<\/div>\n\t\t<\/section>\n\t\t\t\t<\/div>\n\t\t","protected":false},"excerpt":{"rendered":"<p>Introducci\u00f3n En Martineau &amp; Mindicanu \u2013 El Arte de la Inmigraci\u00f3n (tambi\u00e9n referido como \u201cla firma\u201d en el presente texto), nos comprometemos a preservar la informaci\u00f3n de cada cliente de manera confidencial, en particular, de conformidad con las obligaciones estipuladas en la Ley de Quebec con respecto a la protecci\u00f3n de la informaci\u00f3n personal en [&hellip;]<\/p>\n","protected":false},"author":6,"featured_media":0,"parent":0,"menu_order":0,"comment_status":"closed","ping_status":"closed","template":"","meta":{"footnotes":""},"class_list":["post-4329","page","type-page","status-publish","hentry"],"_links":{"self":[{"href":"https:\/\/artim.ca\/es\/wp-json\/wp\/v2\/pages\/4329","targetHints":{"allow":["GET"]}}],"collection":[{"href":"https:\/\/artim.ca\/es\/wp-json\/wp\/v2\/pages"}],"about":[{"href":"https:\/\/artim.ca\/es\/wp-json\/wp\/v2\/types\/page"}],"author":[{"embeddable":true,"href":"https:\/\/artim.ca\/es\/wp-json\/wp\/v2\/users\/6"}],"replies":[{"embeddable":true,"href":"https:\/\/artim.ca\/es\/wp-json\/wp\/v2\/comments?post=4329"}],"version-history":[{"count":9,"href":"https:\/\/artim.ca\/es\/wp-json\/wp\/v2\/pages\/4329\/revisions"}],"predecessor-version":[{"id":4366,"href":"https:\/\/artim.ca\/es\/wp-json\/wp\/v2\/pages\/4329\/revisions\/4366"}],"wp:attachment":[{"href":"https:\/\/artim.ca\/es\/wp-json\/wp\/v2\/media?parent=4329"}],"curies":[{"name":"wp","href":"https:\/\/api.w.org\/{rel}","templated":true}]}}