{"id":2856,"date":"2021-02-02T14:29:23","date_gmt":"2021-02-02T19:29:23","guid":{"rendered":"https:\/\/dasstaging.ga\/?page_id=2856"},"modified":"2026-01-24T13:20:54","modified_gmt":"2026-01-24T18:20:54","slug":"quienes-somos","status":"publish","type":"page","link":"https:\/\/artim.ca\/es\/quienes-somos\/","title":{"rendered":"Sobre nosotros"},"content":{"rendered":"\t\t<div data-elementor-type=\"wp-page\" data-elementor-id=\"2856\" class=\"elementor elementor-2856 elementor-79\" data-elementor-post-type=\"page\">\n\t\t\t\t\t\t<section class=\"elementor-section elementor-top-section elementor-element elementor-element-98431e3 elementor-section-content-middle elementor-section-boxed elementor-section-height-default elementor-section-height-default\" data-id=\"98431e3\" data-element_type=\"section\">\n\t\t\t\t\t\t<div class=\"elementor-container elementor-column-gap-default\">\n\t\t\t\t\t<div class=\"elementor-column elementor-col-100 elementor-top-column elementor-element elementor-element-232b48f\" data-id=\"232b48f\" data-element_type=\"column\">\n\t\t\t<div class=\"elementor-widget-wrap elementor-element-populated\">\n\t\t\t\t\t\t<div class=\"elementor-element elementor-element-5bf85bd elementor-position-left elementor-vertical-align-middle elementor-widget elementor-widget-image-box\" data-id=\"5bf85bd\" data-element_type=\"widget\" data-widget_type=\"image-box.default\">\n\t\t\t\t<div class=\"elementor-widget-container\">\n\t\t\t\t\t<div class=\"elementor-image-box-wrapper\"><figure class=\"elementor-image-box-img\"><img decoding=\"async\" src=\"https:\/\/artim.ca\/wp-content\/uploads\/2020\/12\/logo_minimal.svg\" class=\"attachment-full size-full wp-image-1154\" alt=\"\" title=\"\"><\/figure><div class=\"elementor-image-box-content\"><h3 class=\"elementor-image-box-title\">Martineau &amp; Mindicanu<\/h3><p class=\"elementor-image-box-description\">A continuaci\u00f3n, conozca a los miembros clave de nuestro equipo que brindan asistencia a lo largo del proceso de inmigraci\u00f3n. Gracias a nuestro enfoque colaborativo y personalizado, nuestros clientes se benefician de la fortaleza de nuestros conocimientos colectivos y de la diversidad de nuestras perspectivas.<\/p><\/div><\/div>\t\t\t\t<\/div>\n\t\t\t\t<\/div>\n\t\t\t\t\t<\/div>\n\t\t<\/div>\n\t\t\t\t\t<\/div>\n\t\t<\/section>\n\t\t\t\t<section class=\"elementor-section elementor-top-section elementor-element elementor-element-34553bd elementor-section-boxed elementor-section-height-default elementor-section-height-default\" data-id=\"34553bd\" data-element_type=\"section\">\n\t\t\t\t\t\t<div class=\"elementor-container elementor-column-gap-default\">\n\t\t\t\t\t<div class=\"elementor-column elementor-col-100 elementor-top-column elementor-element elementor-element-4c679c1\" data-id=\"4c679c1\" data-element_type=\"column\">\n\t\t\t<div class=\"elementor-widget-wrap elementor-element-populated\">\n\t\t\t\t\t\t<div class=\"elementor-element elementor-element-f1ef59e elementor-widget-divider--view-line_icon elementor-view-default elementor-widget-divider--element-align-center elementor-widget elementor-widget-divider\" data-id=\"f1ef59e\" data-element_type=\"widget\" data-widget_type=\"divider.default\">\n\t\t\t\t<div class=\"elementor-widget-container\">\n\t\t\t\t\t\t\t<div class=\"elementor-divider\">\n\t\t\t<span class=\"elementor-divider-separator\">\n\t\t\t\t\t\t\t<div class=\"elementor-icon elementor-divider__element\">\n\t\t\t\t\t<svg xmlns=\"http:\/\/www.w3.org\/2000\/svg\" xmlns:xlink=\"http:\/\/www.w3.org\/1999\/xlink\" id=\"Layer_1\" x=\"0px\" y=\"0px\" width=\"500px\" height=\"500px\" viewBox=\"0 0 500 500\" xml:space=\"preserve\"><g>\t<rect x=\"10.505\" y=\"261.609\" fill-rule=\"evenodd\" clip-rule=\"evenodd\" fill=\"#C71F25\" width=\"228.649\" height=\"228.637\"><\/rect>\t<g>\t\t<path d=\"M239.154,10.081v228.697h-38.659V103.793l-68.914,90.44h-13.125l-69.295-90.44v134.984H10.505V10.081h13.492    l101.029,134.555L226.028,10.081H239.154z\"><\/path>\t<\/g>\t<g>\t\t<path d=\"M490.676,261.574v228.688h-38.657V355.294l-68.921,90.445h-13.126l-69.282-90.445v134.968h-38.663V261.574h13.495    l101.01,134.566l101.018-134.566H490.676z\"><\/path>\t<\/g>\t<rect x=\"262.396\" y=\"10.101\" fill-rule=\"evenodd\" clip-rule=\"evenodd\" fill=\"#C71F25\" width=\"228.648\" height=\"228.649\"><\/rect><\/g><\/svg><\/div>\n\t\t\t\t\t\t<\/span>\n\t\t<\/div>\n\t\t\t\t\t\t<\/div>\n\t\t\t\t<\/div>\n\t\t\t\t<div class=\"elementor-element elementor-element-05310e4 elementor-widget elementor-widget-heading\" data-id=\"05310e4\" data-element_type=\"widget\" data-widget_type=\"heading.default\">\n\t\t\t\t<div class=\"elementor-widget-container\">\n\t\t\t\t\t<h2 class=\"elementor-heading-title elementor-size-default\">Nuestro Equipo<\/h2>\t\t\t\t<\/div>\n\t\t\t\t<\/div>\n\t\t\t\t\t<\/div>\n\t\t<\/div>\n\t\t\t\t\t<\/div>\n\t\t<\/section>\n\t\t<div class=\"elementor-element elementor-element-ee9e495 e-flex e-con-boxed e-con e-parent\" data-id=\"ee9e495\" data-element_type=\"container\">\n\t\t\t\t\t<div class=\"e-con-inner\">\n\t\t<div class=\"elementor-element elementor-element-131b463 e-con-full e-flex e-con e-child\" data-id=\"131b463\" data-element_type=\"container\">\n\t\t\t\t<div class=\"elementor-element elementor-element-4ec43ab elementor-position-left elementor-vertical-align-middle elementor-position-top elementor-widget elementor-widget-image-box\" data-id=\"4ec43ab\" data-element_type=\"widget\" data-widget_type=\"image-box.default\">\n\t\t\t\t<div class=\"elementor-widget-container\">\n\t\t\t\t\t<div class=\"elementor-image-box-wrapper\"><figure class=\"elementor-image-box-img\"><img fetchpriority=\"high\" decoding=\"async\" width=\"300\" height=\"300\" src=\"https:\/\/artim.ca\/wp-content\/uploads\/2024\/12\/Yves_Martineau-300x300.jpg\" class=\"attachment-medium size-medium wp-image-4639\" alt=\"Yves Martineau\" title=\"\" srcset=\"https:\/\/artim.ca\/wp-content\/uploads\/2024\/12\/Yves_Martineau-300x300.jpg 300w, https:\/\/artim.ca\/wp-content\/uploads\/2024\/12\/Yves_Martineau-1024x1024.jpg 1024w, https:\/\/artim.ca\/wp-content\/uploads\/2024\/12\/Yves_Martineau-150x150.jpg 150w, https:\/\/artim.ca\/wp-content\/uploads\/2024\/12\/Yves_Martineau-768x768.jpg 768w, https:\/\/artim.ca\/wp-content\/uploads\/2024\/12\/Yves_Martineau-400x400.jpg 400w, https:\/\/artim.ca\/wp-content\/uploads\/2024\/12\/Yves_Martineau-600x600.jpg 600w, https:\/\/artim.ca\/wp-content\/uploads\/2024\/12\/Yves_Martineau.jpg 1056w\" sizes=\"(max-width: 300px) 100vw, 300px\" \/><\/figure><div class=\"elementor-image-box-content\"><h3 class=\"elementor-image-box-title\">Yves Martineau<\/h3><p class=\"elementor-image-box-description\">Abogado, Fundador<\/p><\/div><\/div>\t\t\t\t<\/div>\n\t\t\t\t<\/div>\n\t\t\t\t<div class=\"elementor-element elementor-element-7f9aee1 elementor-widget-divider--view-line elementor-widget elementor-widget-divider\" data-id=\"7f9aee1\" data-element_type=\"widget\" data-widget_type=\"divider.default\">\n\t\t\t\t<div class=\"elementor-widget-container\">\n\t\t\t\t\t\t\t<div class=\"elementor-divider\">\n\t\t\t<span class=\"elementor-divider-separator\">\n\t\t\t\t\t\t<\/span>\n\t\t<\/div>\n\t\t\t\t\t\t<\/div>\n\t\t\t\t<\/div>\n\t\t<div class=\"elementor-element elementor-element-3820e84 e-con-full e-flex e-con e-child\" data-id=\"3820e84\" data-element_type=\"container\">\n\t\t\t\t<div class=\"elementor-element elementor-element-afa37a8 elementor-widget__width-auto elementor-view-default elementor-widget elementor-widget-icon\" data-id=\"afa37a8\" data-element_type=\"widget\" data-widget_type=\"icon.default\">\n\t\t\t\t<div class=\"elementor-widget-container\">\n\t\t\t\t\t\t\t<div class=\"elementor-icon-wrapper\">\n\t\t\t<div class=\"elementor-icon\">\n\t\t\t<i aria-hidden=\"true\" class=\"fas fa-language\"><\/i>\t\t\t<\/div>\n\t\t<\/div>\n\t\t\t\t\t\t<\/div>\n\t\t\t\t<\/div>\n\t\t\t\t<div class=\"elementor-element elementor-element-2293511 elementor-widget__width-auto elementor-widget elementor-widget-heading\" data-id=\"2293511\" data-element_type=\"widget\" data-widget_type=\"heading.default\">\n\t\t\t\t<div class=\"elementor-widget-container\">\n\t\t\t\t\t<span class=\"elementor-heading-title elementor-size-default\">Franc\u00e9s, espa\u00f1ol e ingl\u00e9s<\/span>\t\t\t\t<\/div>\n\t\t\t\t<\/div>\n\t\t\t\t<\/div>\n\t\t\t\t<div class=\"elementor-element elementor-element-cf570e2 elementor-widget elementor-widget-text-editor\" data-id=\"cf570e2\" data-element_type=\"widget\" data-widget_type=\"text-editor.default\">\n\t\t\t\t<div class=\"elementor-widget-container\">\n\t\t\t\t\t\t\t\t\t<p>Yves Martineau ha trabajado en inmigraci\u00f3n desde el a\u00f1o 2002, asesorando personas en sus proyectos de inmigraci\u00f3n, profesionales y acad\u00e9micos hacia Canad\u00e1. Fue representante oficial del gobierno de Quebec hasta el a\u00f1o 2007 y brind\u00f3 cientos de conferencias a m\u00e1s de 100.000 personas en m\u00e1s de 50 ciudades en M\u00e9xico, Colombia, Venezuela, El Salvador y Ecuador. Se convirti\u00f3 en consultor reglamentado en inmigraci\u00f3n en el a\u00f1o 2009, hasta junio 2023, y obtuvo su t\u00edtulo de abogado en diciembre de 2022. Posee una licenciatura en derecho de la Universidad de Qu\u00e9bec en Montreal, un diploma de consultor de inmigraci\u00f3n de LaSalle College, es egresado de la facultad de periodismo de la Universidad Concordia y posee un posgrado en comunicaci\u00f3n y mercadotecnia de la Universidad de Montreal-HEC. Ha asesorado a miles de clientes y brindado m\u00faltiples seminarios de educaci\u00f3n permanente a consultores en inmigraci\u00f3n.<\/p>\n\t\t\t\t\t\t\t\t<\/div>\n\t\t\t\t<\/div>\n\t\t\t\t<div class=\"elementor-element elementor-element-648fc71 elementor-align-start elementor-icon-list--layout-traditional elementor-list-item-link-full_width elementor-widget elementor-widget-icon-list\" data-id=\"648fc71\" data-element_type=\"widget\" data-widget_type=\"icon-list.default\">\n\t\t\t\t<div class=\"elementor-widget-container\">\n\t\t\t\t\t\t\t<ul class=\"elementor-icon-list-items\">\n\t\t\t\t\t\t\t<li class=\"elementor-icon-list-item\">\n\t\t\t\t\t\t\t\t\t\t\t<a href=\"https:\/\/www.barreau.qc.ca\/en\/find-a-lawyer\/member\/?id=3001dc4a9fe91f96a952598389b6db62b51f1a2662ef486e9a3f2d89c0e82c4a&#038;backUrl=%2Fen%2Ffind-a-lawyer%2Fresults%2F%3Fn%3DMartineau%252C%2BYves\" target=\"_blank\" rel=\"noopener\">\n\n\t\t\t\t\t\t\t\t\t\t\t\t<span class=\"elementor-icon-list-icon\">\n\t\t\t\t\t\t\t<i aria-hidden=\"true\" class=\"far fa-check-circle\"><\/i>\t\t\t\t\t\t<\/span>\n\t\t\t\t\t\t\t\t\t\t<span class=\"elementor-icon-list-text\">Miembro de la Barra de Abogados de Quebec<\/span>\n\t\t\t\t\t\t\t\t\t\t\t<\/a>\n\t\t\t\t\t\t\t\t\t<\/li>\n\t\t\t\t\t\t\t\t<li class=\"elementor-icon-list-item\">\n\t\t\t\t\t\t\t\t\t\t\t<span class=\"elementor-icon-list-icon\">\n\t\t\t\t\t\t\t<i aria-hidden=\"true\" class=\"far fa-check-circle\"><\/i>\t\t\t\t\t\t<\/span>\n\t\t\t\t\t\t\t\t\t\t<span class=\"elementor-icon-list-text\">Miembro de la Junta Directiva (Co-Presidente) de la Asociaci\u00f3n quebequense de abogados y abogadas en derecho migratorio - Aqaadi<\/span>\n\t\t\t\t\t\t\t\t\t<\/li>\n\t\t\t\t\t\t\t\t<li class=\"elementor-icon-list-item\">\n\t\t\t\t\t\t\t\t\t\t\t<a href=\"https:\/\/lso.ca\/public-resources\/finding-a-lawyer-or-paralegal\/directory-search\/member?MemberNumber=91657C\" target=\"_blank\" rel=\"noopener\">\n\n\t\t\t\t\t\t\t\t\t\t\t\t<span class=\"elementor-icon-list-icon\">\n\t\t\t\t\t\t\t<i aria-hidden=\"true\" class=\"far fa-check-circle\"><\/i>\t\t\t\t\t\t<\/span>\n\t\t\t\t\t\t\t\t\t\t<span class=\"elementor-icon-list-text\">Miembro de la Barra de Abogados de Ontario<\/span>\n\t\t\t\t\t\t\t\t\t\t\t<\/a>\n\t\t\t\t\t\t\t\t\t<\/li>\n\t\t\t\t\t\t<\/ul>\n\t\t\t\t\t\t<\/div>\n\t\t\t\t<\/div>\n\t\t\t\t<\/div>\n\t\t<div class=\"elementor-element elementor-element-ac0ecf5 e-con-full e-flex e-con e-child\" data-id=\"ac0ecf5\" data-element_type=\"container\">\n\t\t\t\t<div class=\"elementor-element elementor-element-1c53182 elementor-position-left elementor-vertical-align-middle elementor-position-top elementor-widget elementor-widget-image-box\" data-id=\"1c53182\" data-element_type=\"widget\" data-widget_type=\"image-box.default\">\n\t\t\t\t<div class=\"elementor-widget-container\">\n\t\t\t\t\t<div class=\"elementor-image-box-wrapper\"><figure class=\"elementor-image-box-img\"><img decoding=\"async\" width=\"300\" height=\"300\" src=\"https:\/\/artim.ca\/wp-content\/uploads\/2024\/12\/Mihaela_Mindicanu-300x300.jpg\" class=\"attachment-medium size-medium wp-image-4642\" alt=\"Mihaela Mindicanu\" title=\"\" srcset=\"https:\/\/artim.ca\/wp-content\/uploads\/2024\/12\/Mihaela_Mindicanu-300x300.jpg 300w, https:\/\/artim.ca\/wp-content\/uploads\/2024\/12\/Mihaela_Mindicanu-1024x1024.jpg 1024w, https:\/\/artim.ca\/wp-content\/uploads\/2024\/12\/Mihaela_Mindicanu-150x150.jpg 150w, https:\/\/artim.ca\/wp-content\/uploads\/2024\/12\/Mihaela_Mindicanu-768x768.jpg 768w, https:\/\/artim.ca\/wp-content\/uploads\/2024\/12\/Mihaela_Mindicanu-400x400.jpg 400w, https:\/\/artim.ca\/wp-content\/uploads\/2024\/12\/Mihaela_Mindicanu-600x600.jpg 600w, https:\/\/artim.ca\/wp-content\/uploads\/2024\/12\/Mihaela_Mindicanu.jpg 1400w\" sizes=\"(max-width: 300px) 100vw, 300px\" \/><\/figure><div class=\"elementor-image-box-content\"><h3 class=\"elementor-image-box-title\">Mihaela Mindicanu<\/h3><p class=\"elementor-image-box-description\">Administradora Colegiada, Consultora Reglamentada en Inmigraci\u00f3n Canadiense, Fundadora<\/p><\/div><\/div>\t\t\t\t<\/div>\n\t\t\t\t<\/div>\n\t\t\t\t<div class=\"elementor-element elementor-element-3fd503c elementor-widget-divider--view-line elementor-widget elementor-widget-divider\" data-id=\"3fd503c\" data-element_type=\"widget\" data-widget_type=\"divider.default\">\n\t\t\t\t<div class=\"elementor-widget-container\">\n\t\t\t\t\t\t\t<div class=\"elementor-divider\">\n\t\t\t<span class=\"elementor-divider-separator\">\n\t\t\t\t\t\t<\/span>\n\t\t<\/div>\n\t\t\t\t\t\t<\/div>\n\t\t\t\t<\/div>\n\t\t<div class=\"elementor-element elementor-element-9098407 e-con-full e-flex e-con e-child\" data-id=\"9098407\" data-element_type=\"container\">\n\t\t\t\t<div class=\"elementor-element elementor-element-4907a2d elementor-widget__width-auto elementor-view-default elementor-widget elementor-widget-icon\" data-id=\"4907a2d\" data-element_type=\"widget\" data-widget_type=\"icon.default\">\n\t\t\t\t<div class=\"elementor-widget-container\">\n\t\t\t\t\t\t\t<div class=\"elementor-icon-wrapper\">\n\t\t\t<div class=\"elementor-icon\">\n\t\t\t<i aria-hidden=\"true\" class=\"fas fa-language\"><\/i>\t\t\t<\/div>\n\t\t<\/div>\n\t\t\t\t\t\t<\/div>\n\t\t\t\t<\/div>\n\t\t\t\t<div class=\"elementor-element elementor-element-ca40ce9 elementor-widget__width-auto elementor-widget elementor-widget-heading\" data-id=\"ca40ce9\" data-element_type=\"widget\" data-widget_type=\"heading.default\">\n\t\t\t\t<div class=\"elementor-widget-container\">\n\t\t\t\t\t<span class=\"elementor-heading-title elementor-size-default\">Franc\u00e9s, ingl\u00e9s, espa\u00f1ol y rumano<\/span>\t\t\t\t<\/div>\n\t\t\t\t<\/div>\n\t\t\t\t<\/div>\n\t\t\t\t<div class=\"elementor-element elementor-element-097a358 elementor-widget elementor-widget-text-editor\" data-id=\"097a358\" data-element_type=\"widget\" data-widget_type=\"text-editor.default\">\n\t\t\t\t<div class=\"elementor-widget-container\">\n\t\t\t\t\t\t\t\t\t<p>Mihaela Mindicanu cuenta con estudios especializados en derecho migratorio canadiense en LaSalle College y un t\u00edtulo de licenciatura en ciencias de la comunicaci\u00f3n. Es miembro del Ordre professionnel des administrateurs agr\u00e9\u00e9s du Qu\u00e9bec y dirige las operaciones del despacho. Tiene una amplia experiencia en el campo de la inmigraci\u00f3n, evaluando clientes desde el a\u00f1o 2009, asisti\u00e9ndolos en sus procesos de inmigraci\u00f3n relacionados con la residencia permanente y temporal, extensiones y restablecimientos de estatus, apadrinamientos de familia y solicitudes de ciudadan\u00eda.<\/p>\n\t\t\t\t\t\t\t\t<\/div>\n\t\t\t\t<\/div>\n\t\t\t\t<div class=\"elementor-element elementor-element-d2678f0 elementor-align-start elementor-icon-list--layout-traditional elementor-list-item-link-full_width elementor-widget elementor-widget-icon-list\" data-id=\"d2678f0\" data-element_type=\"widget\" data-widget_type=\"icon-list.default\">\n\t\t\t\t<div class=\"elementor-widget-container\">\n\t\t\t\t\t\t\t<ul class=\"elementor-icon-list-items\">\n\t\t\t\t\t\t\t<li class=\"elementor-icon-list-item\">\n\t\t\t\t\t\t\t\t\t\t\t<a href=\"https:\/\/register.college-ic.ca\/Public-Register-EN\/Licensee\/Profile.aspx?ID=20575\" target=\"_blank\" rel=\"noopener\">\n\n\t\t\t\t\t\t\t\t\t\t\t\t<span class=\"elementor-icon-list-icon\">\n\t\t\t\t\t\t\t<i aria-hidden=\"true\" class=\"far fa-check-circle\"><\/i>\t\t\t\t\t\t<\/span>\n\t\t\t\t\t\t\t\t\t\t<span class=\"elementor-icon-list-text\">Consultora Reglamentada en Inmigraci\u00f3n Canadiense (Licencia #R415695)<\/span>\n\t\t\t\t\t\t\t\t\t\t\t<\/a>\n\t\t\t\t\t\t\t\t\t<\/li>\n\t\t\t\t\t\t\t\t<li class=\"elementor-icon-list-item\">\n\t\t\t\t\t\t\t\t\t\t\t<a href=\"https:\/\/www.quebec.ca\/immigration\/consultants-immigration\/trouver-consultant?id=25189&#038;tx_solr%5Bq%5D=mindicanu&#038;tx_solr%5Bsort%5D=alphaAsc%20asc&#038;tx_solr%5BresultsPerPage%5D=10&#038;tx_solr%5Bpage%5D=1\" target=\"_blank\" rel=\"noopener\">\n\n\t\t\t\t\t\t\t\t\t\t\t\t<span class=\"elementor-icon-list-icon\">\n\t\t\t\t\t\t\t<i aria-hidden=\"true\" class=\"far fa-check-circle\"><\/i>\t\t\t\t\t\t<\/span>\n\t\t\t\t\t\t\t\t\t\t<span class=\"elementor-icon-list-text\">Consultora Certificada en Inmigraci\u00f3n de Qu\u00e9bec (N\u00b0 11087)<\/span>\n\t\t\t\t\t\t\t\t\t\t\t<\/a>\n\t\t\t\t\t\t\t\t\t<\/li>\n\t\t\t\t\t\t\t\t<li class=\"elementor-icon-list-item\">\n\t\t\t\t\t\t\t\t\t\t\t<span class=\"elementor-icon-list-icon\">\n\t\t\t\t\t\t\t<i aria-hidden=\"true\" class=\"far fa-check-circle\"><\/i>\t\t\t\t\t\t<\/span>\n\t\t\t\t\t\t\t\t\t\t<span class=\"elementor-icon-list-text\">Comisionada de Juramentos (licencia emitida por el Ministerio de Justicia de Qu\u00e9bec)<\/span>\n\t\t\t\t\t\t\t\t\t<\/li>\n\t\t\t\t\t\t\t\t<li class=\"elementor-icon-list-item\">\n\t\t\t\t\t\t\t\t\t\t\t<a href=\"https:\/\/www.adma.qc.ca\/repertoire\/?directorytype=Adm.A.&#038;lastname=Mindicanu&#038;firstname=&#038;expertise=&#038;region=&#038;postal_code=&#038;language=&#038;submitform=1#\" target=\"_blank\" rel=\"noopener\">\n\n\t\t\t\t\t\t\t\t\t\t\t\t<span class=\"elementor-icon-list-icon\">\n\t\t\t\t\t\t\t<i aria-hidden=\"true\" class=\"far fa-check-circle\"><\/i>\t\t\t\t\t\t<\/span>\n\t\t\t\t\t\t\t\t\t\t<span class=\"elementor-icon-list-text\">Miembro acreditado de la Orden de Administradores de Qu\u00e9bec (Adm.A)<\/span>\n\t\t\t\t\t\t\t\t\t\t\t<\/a>\n\t\t\t\t\t\t\t\t\t<\/li>\n\t\t\t\t\t\t\t\t<li class=\"elementor-icon-list-item\">\n\t\t\t\t\t\t\t\t\t\t\t<span class=\"elementor-icon-list-icon\">\n\t\t\t\t\t\t\t<i aria-hidden=\"true\" class=\"far fa-check-circle\"><\/i>\t\t\t\t\t\t<\/span>\n\t\t\t\t\t\t\t\t\t\t<span class=\"elementor-icon-list-text\">Miembro de la Asociaci\u00f3n Canadiense de Consultores Profesionales en Inmigraci\u00f3n (ACCPI\/CAPIC)<\/span>\n\t\t\t\t\t\t\t\t\t<\/li>\n\t\t\t\t\t\t<\/ul>\n\t\t\t\t\t\t<\/div>\n\t\t\t\t<\/div>\n\t\t\t\t<\/div>\n\t\t<div class=\"elementor-element elementor-element-7e1e0e6 e-con-full e-flex e-con e-child\" data-id=\"7e1e0e6\" data-element_type=\"container\">\n\t\t\t\t<div class=\"elementor-element elementor-element-73b0c36 elementor-position-left elementor-vertical-align-middle elementor-position-top elementor-widget elementor-widget-image-box\" data-id=\"73b0c36\" data-element_type=\"widget\" data-widget_type=\"image-box.default\">\n\t\t\t\t<div class=\"elementor-widget-container\">\n\t\t\t\t\t<div class=\"elementor-image-box-wrapper\"><figure class=\"elementor-image-box-img\"><img decoding=\"async\" width=\"300\" height=\"300\" src=\"https:\/\/artim.ca\/wp-content\/uploads\/2024\/12\/Reynaldo_Marquez-300x300.jpg\" class=\"attachment-medium size-medium wp-image-4636\" alt=\"Reynaldo Marquez\" title=\"\" srcset=\"https:\/\/artim.ca\/wp-content\/uploads\/2024\/12\/Reynaldo_Marquez-300x300.jpg 300w, https:\/\/artim.ca\/wp-content\/uploads\/2024\/12\/Reynaldo_Marquez-150x150.jpg 150w, https:\/\/artim.ca\/wp-content\/uploads\/2024\/12\/Reynaldo_Marquez-768x768.jpg 768w, https:\/\/artim.ca\/wp-content\/uploads\/2024\/12\/Reynaldo_Marquez-400x400.jpg 400w, https:\/\/artim.ca\/wp-content\/uploads\/2024\/12\/Reynaldo_Marquez-600x600.jpg 600w, https:\/\/artim.ca\/wp-content\/uploads\/2024\/12\/Reynaldo_Marquez.jpg 960w\" sizes=\"(max-width: 300px) 100vw, 300px\" \/><\/figure><div class=\"elementor-image-box-content\"><h3 class=\"elementor-image-box-title\">Reynaldo Marquez<\/h3><p class=\"elementor-image-box-description\">Abogado, asociado<\/p><\/div><\/div>\t\t\t\t<\/div>\n\t\t\t\t<\/div>\n\t\t\t\t<div class=\"elementor-element elementor-element-d5ca674 elementor-widget-divider--view-line elementor-widget elementor-widget-divider\" data-id=\"d5ca674\" data-element_type=\"widget\" data-widget_type=\"divider.default\">\n\t\t\t\t<div class=\"elementor-widget-container\">\n\t\t\t\t\t\t\t<div class=\"elementor-divider\">\n\t\t\t<span class=\"elementor-divider-separator\">\n\t\t\t\t\t\t<\/span>\n\t\t<\/div>\n\t\t\t\t\t\t<\/div>\n\t\t\t\t<\/div>\n\t\t<div class=\"elementor-element elementor-element-8880977 e-con-full e-flex e-con e-child\" data-id=\"8880977\" data-element_type=\"container\">\n\t\t\t\t<div class=\"elementor-element elementor-element-f8bec1f elementor-widget__width-auto elementor-view-default elementor-widget elementor-widget-icon\" data-id=\"f8bec1f\" data-element_type=\"widget\" data-widget_type=\"icon.default\">\n\t\t\t\t<div class=\"elementor-widget-container\">\n\t\t\t\t\t\t\t<div class=\"elementor-icon-wrapper\">\n\t\t\t<div class=\"elementor-icon\">\n\t\t\t<i aria-hidden=\"true\" class=\"fas fa-language\"><\/i>\t\t\t<\/div>\n\t\t<\/div>\n\t\t\t\t\t\t<\/div>\n\t\t\t\t<\/div>\n\t\t\t\t<div class=\"elementor-element elementor-element-2f01809 elementor-widget__width-auto elementor-widget elementor-widget-heading\" data-id=\"2f01809\" data-element_type=\"widget\" data-widget_type=\"heading.default\">\n\t\t\t\t<div class=\"elementor-widget-container\">\n\t\t\t\t\t<span class=\"elementor-heading-title elementor-size-default\">Franc\u00e9s, espa\u00f1ol e ingl\u00e9s<\/span>\t\t\t\t<\/div>\n\t\t\t\t<\/div>\n\t\t\t\t<\/div>\n\t\t\t\t<div class=\"elementor-element elementor-element-fa2c62d elementor-widget elementor-widget-text-editor\" data-id=\"fa2c62d\" data-element_type=\"widget\" data-widget_type=\"text-editor.default\">\n\t\t\t\t<div class=\"elementor-widget-container\">\n\t\t\t\t\t\t\t\t\t<p>Reynaldo M\u00e1rquez es abogado, miembro de la Barra de Abogados de Quebec desde el a\u00f1o 2011. Posee una licenciatura de la Facultad de Derecho de la Universidad de Montreal. Tiene una amplia experiencia en el campo del derecho migratorio y civil.<\/p>\n<p>Ha representado con \u00e9xito a sus clientes ante las autoridades administrativas de inmigraci\u00f3n, incluyendo la Comisi\u00f3n de Inmigraci\u00f3n y Refugiados y la Corte Federal. Antes de ser abogado, trabaj\u00f3 como periodista en la prensa escrita en Quebec.<\/p>\n\t\t\t\t\t\t\t\t<\/div>\n\t\t\t\t<\/div>\n\t\t\t\t<div class=\"elementor-element elementor-element-c9f6d02 elementor-align-start elementor-icon-list--layout-traditional elementor-list-item-link-full_width elementor-widget elementor-widget-icon-list\" data-id=\"c9f6d02\" data-element_type=\"widget\" data-widget_type=\"icon-list.default\">\n\t\t\t\t<div class=\"elementor-widget-container\">\n\t\t\t\t\t\t\t<ul class=\"elementor-icon-list-items\">\n\t\t\t\t\t\t\t<li class=\"elementor-icon-list-item\">\n\t\t\t\t\t\t\t\t\t\t\t<a href=\"https:\/\/www.barreau.qc.ca\/en\/find-a-lawyer\/member\/?id=c0f27996699bb4c3ff65b8e3fc85cccd1f7c3f261535a8b398af467c2f97ad0e&#038;backUrl=%2Fen%2Ffind-a-lawyer%2Fresults%2F%3Fn%3DMarquez%252C%2BReynaldo\" target=\"_blank\" rel=\"noopener\">\n\n\t\t\t\t\t\t\t\t\t\t\t\t<span class=\"elementor-icon-list-icon\">\n\t\t\t\t\t\t\t<i aria-hidden=\"true\" class=\"far fa-check-circle\"><\/i>\t\t\t\t\t\t<\/span>\n\t\t\t\t\t\t\t\t\t\t<span class=\"elementor-icon-list-text\">Miembro de la Barra de Abogados de Quebec<\/span>\n\t\t\t\t\t\t\t\t\t\t\t<\/a>\n\t\t\t\t\t\t\t\t\t<\/li>\n\t\t\t\t\t\t\t\t<li class=\"elementor-icon-list-item\">\n\t\t\t\t\t\t\t\t\t\t\t<span class=\"elementor-icon-list-icon\">\n\t\t\t\t\t\t\t<i aria-hidden=\"true\" class=\"far fa-check-circle\"><\/i>\t\t\t\t\t\t<\/span>\n\t\t\t\t\t\t\t\t\t\t<span class=\"elementor-icon-list-text\">Miembro de la Asociaci\u00f3n quebequense de abogados y abogadas en derecho migratorio - Aqaadi<\/span>\n\t\t\t\t\t\t\t\t\t<\/li>\n\t\t\t\t\t\t<\/ul>\n\t\t\t\t\t\t<\/div>\n\t\t\t\t<\/div>\n\t\t\t\t<\/div>\n\t\t<div class=\"elementor-element elementor-element-aa7c8b5 e-con-full e-flex e-con e-child\" data-id=\"aa7c8b5\" data-element_type=\"container\">\n\t\t\t\t<div class=\"elementor-element elementor-element-c105659 elementor-position-left elementor-vertical-align-middle elementor-position-top elementor-widget elementor-widget-image-box\" data-id=\"c105659\" data-element_type=\"widget\" data-widget_type=\"image-box.default\">\n\t\t\t\t<div class=\"elementor-widget-container\">\n\t\t\t\t\t<div class=\"elementor-image-box-wrapper\"><figure class=\"elementor-image-box-img\"><img loading=\"lazy\" decoding=\"async\" width=\"300\" height=\"300\" src=\"https:\/\/artim.ca\/wp-content\/uploads\/2026\/01\/Nicolas-Turp-300x300.jpg\" class=\"attachment-medium size-medium wp-image-5355\" alt=\"\" title=\"\" srcset=\"https:\/\/artim.ca\/wp-content\/uploads\/2026\/01\/Nicolas-Turp-300x300.jpg 300w, https:\/\/artim.ca\/wp-content\/uploads\/2026\/01\/Nicolas-Turp-1024x1024.jpg 1024w, https:\/\/artim.ca\/wp-content\/uploads\/2026\/01\/Nicolas-Turp-150x150.jpg 150w, https:\/\/artim.ca\/wp-content\/uploads\/2026\/01\/Nicolas-Turp-768x768.jpg 768w, https:\/\/artim.ca\/wp-content\/uploads\/2026\/01\/Nicolas-Turp.jpg 1215w\" sizes=\"(max-width: 300px) 100vw, 300px\" \/><\/figure><div class=\"elementor-image-box-content\"><h3 class=\"elementor-image-box-title\">Nicolas Turp<\/h3><p class=\"elementor-image-box-description\">Abogado<\/p><\/div><\/div>\t\t\t\t<\/div>\n\t\t\t\t<\/div>\n\t\t\t\t<div class=\"elementor-element elementor-element-7062ab9 elementor-widget-divider--view-line elementor-widget elementor-widget-divider\" data-id=\"7062ab9\" data-element_type=\"widget\" data-widget_type=\"divider.default\">\n\t\t\t\t<div class=\"elementor-widget-container\">\n\t\t\t\t\t\t\t<div class=\"elementor-divider\">\n\t\t\t<span class=\"elementor-divider-separator\">\n\t\t\t\t\t\t<\/span>\n\t\t<\/div>\n\t\t\t\t\t\t<\/div>\n\t\t\t\t<\/div>\n\t\t<div class=\"elementor-element elementor-element-ba281b8 e-con-full e-flex e-con e-child\" data-id=\"ba281b8\" data-element_type=\"container\">\n\t\t\t\t<div class=\"elementor-element elementor-element-5de7725 elementor-widget__width-auto elementor-view-default elementor-widget elementor-widget-icon\" data-id=\"5de7725\" data-element_type=\"widget\" data-widget_type=\"icon.default\">\n\t\t\t\t<div class=\"elementor-widget-container\">\n\t\t\t\t\t\t\t<div class=\"elementor-icon-wrapper\">\n\t\t\t<div class=\"elementor-icon\">\n\t\t\t<i aria-hidden=\"true\" class=\"fas fa-language\"><\/i>\t\t\t<\/div>\n\t\t<\/div>\n\t\t\t\t\t\t<\/div>\n\t\t\t\t<\/div>\n\t\t\t\t<div class=\"elementor-element elementor-element-a2076ad elementor-widget__width-auto elementor-widget elementor-widget-heading\" data-id=\"a2076ad\" data-element_type=\"widget\" data-widget_type=\"heading.default\">\n\t\t\t\t<div class=\"elementor-widget-container\">\n\t\t\t\t\t<span class=\"elementor-heading-title elementor-size-default\">Franc\u00e9s, espa\u00f1ol e ingl\u00e9s<\/span>\t\t\t\t<\/div>\n\t\t\t\t<\/div>\n\t\t\t\t<\/div>\n\t\t\t\t<div class=\"elementor-element elementor-element-e6fbb62 elementor-widget elementor-widget-text-editor\" data-id=\"e6fbb62\" data-element_type=\"widget\" data-widget_type=\"text-editor.default\">\n\t\t\t\t<div class=\"elementor-widget-container\">\n\t\t\t\t\t\t\t\t\t<p>Nicolas Turp es Miembro de la Barra de Abogados de Quebec desde noviembre de 2012 y ejerce exclusivamente en el \u00e1mbito del derecho de inmigraci\u00f3n desde 2015. Es licenciado en Derecho Civil y Derecho Com\u00fan (BCL\/LLB) por la Universidad McGill, posee una Maestr\u00eda en Pol\u00edticas P\u00fablicas y Administraci\u00f3n por la Universidad Concordia, y una Licenciatura en Ciencias por la Universidad de Montreal.<\/p>\n<p>Adem\u00e1s de su formaci\u00f3n jur\u00eddica, Nicolas ha trabajado como int\u00e9rprete y traductor. Sus principales idiomas son el franc\u00e9s y el ingl\u00e9s, y domina el espa\u00f1ol, habiendo realizado tambi\u00e9n estudios en la Universidad de Barcelona.<\/p>\n<p>Cuenta con experiencia internacional, habiendo trabajado en Shangh\u00e1i y Hong Kong con varios candidatos del Programa de Inversionistas Inmigrantes de Quebec. Desde 2016, ejerce de manera independiente y en colaboraci\u00f3n con numerosos especialistas en inmigraci\u00f3n en todo Canad\u00e1.<\/p>\n<p>Nicolas se especializa en inmigraci\u00f3n econ\u00f3mica, inmigraci\u00f3n de negocios y apadrinamiento familiar. Ha acompa\u00f1ado a cientos de clientes en solicitudes de residencia permanente, residencia temporal, ciudadan\u00eda y temas de admisibilidad.<\/p>\n\t\t\t\t\t\t\t\t<\/div>\n\t\t\t\t<\/div>\n\t\t\t\t<div class=\"elementor-element elementor-element-c7ac3d6 elementor-align-start elementor-icon-list--layout-traditional elementor-list-item-link-full_width elementor-widget elementor-widget-icon-list\" data-id=\"c7ac3d6\" data-element_type=\"widget\" data-widget_type=\"icon-list.default\">\n\t\t\t\t<div class=\"elementor-widget-container\">\n\t\t\t\t\t\t\t<ul class=\"elementor-icon-list-items\">\n\t\t\t\t\t\t\t<li class=\"elementor-icon-list-item\">\n\t\t\t\t\t\t\t\t\t\t\t<a href=\"https:\/\/www.barreau.qc.ca\/en\/find-a-lawyer\/member\/?id=ac642f272a0d692c0cbf49f69e69e51f453979fa72fe0400ec6351886be0ec68&#038;backUrl=%2Fen%2Ffind-a-lawyer%2Fresults%2F%3Fn%3DKnoppers-Turp%252C%2BNicolas\" target=\"_blank\" rel=\"noopener\">\n\n\t\t\t\t\t\t\t\t\t\t\t\t<span class=\"elementor-icon-list-icon\">\n\t\t\t\t\t\t\t<i aria-hidden=\"true\" class=\"far fa-check-circle\"><\/i>\t\t\t\t\t\t<\/span>\n\t\t\t\t\t\t\t\t\t\t<span class=\"elementor-icon-list-text\">Miembro de la Barra de Abogados de Quebec<\/span>\n\t\t\t\t\t\t\t\t\t\t\t<\/a>\n\t\t\t\t\t\t\t\t\t<\/li>\n\t\t\t\t\t\t\t\t<li class=\"elementor-icon-list-item\">\n\t\t\t\t\t\t\t\t\t\t\t<a href=\"https:\/\/www.barreau.qc.ca\/en\/find-a-lawyer\/member\/?id=ac642f272a0d692c0cbf49f69e69e51f453979fa72fe0400ec6351886be0ec68&#038;backUrl=%2Fen%2Ffind-a-lawyer%2Fresults%2F%3Fn%3DKnoppers-Turp%252C%2BNicolas\" target=\"_blank\" rel=\"noopener\">\n\n\t\t\t\t\t\t\t\t\t\t\t\t<span class=\"elementor-icon-list-icon\">\n\t\t\t\t\t\t\t<i aria-hidden=\"true\" class=\"far fa-check-circle\"><\/i>\t\t\t\t\t\t<\/span>\n\t\t\t\t\t\t\t\t\t\t<span class=\"elementor-icon-list-text\">Miembro de la Asociaci\u00f3n quebequense de abogados y abogadas en derecho migratorio - Aqaadi<\/span>\n\t\t\t\t\t\t\t\t\t\t\t<\/a>\n\t\t\t\t\t\t\t\t\t<\/li>\n\t\t\t\t\t\t<\/ul>\n\t\t\t\t\t\t<\/div>\n\t\t\t\t<\/div>\n\t\t\t\t<\/div>\n\t\t<div class=\"elementor-element elementor-element-68fce47 e-con-full e-flex e-con e-child\" data-id=\"68fce47\" data-element_type=\"container\">\n\t\t\t\t<div class=\"elementor-element elementor-element-2e9159d elementor-position-left elementor-vertical-align-middle elementor-position-top elementor-widget elementor-widget-image-box\" data-id=\"2e9159d\" data-element_type=\"widget\" data-widget_type=\"image-box.default\">\n\t\t\t\t<div class=\"elementor-widget-container\">\n\t\t\t\t\t<div class=\"elementor-image-box-wrapper\"><figure class=\"elementor-image-box-img\"><img loading=\"lazy\" decoding=\"async\" width=\"300\" height=\"300\" src=\"https:\/\/artim.ca\/wp-content\/uploads\/2021\/01\/Mariel-Sanchez-300x300.jpg\" class=\"attachment-medium size-medium wp-image-2305\" alt=\"\" title=\"\" srcset=\"https:\/\/artim.ca\/wp-content\/uploads\/2021\/01\/Mariel-Sanchez-300x300.jpg 300w, https:\/\/artim.ca\/wp-content\/uploads\/2021\/01\/Mariel-Sanchez-150x150.jpg 150w, https:\/\/artim.ca\/wp-content\/uploads\/2021\/01\/Mariel-Sanchez.jpg 500w\" sizes=\"(max-width: 300px) 100vw, 300px\" \/><\/figure><div class=\"elementor-image-box-content\"><h3 class=\"elementor-image-box-title\">Mariel Sanchez<\/h3><p class=\"elementor-image-box-description\">Case manager<\/p><\/div><\/div>\t\t\t\t<\/div>\n\t\t\t\t<\/div>\n\t\t\t\t<div class=\"elementor-element elementor-element-08dfdb6 elementor-widget-divider--view-line elementor-widget elementor-widget-divider\" data-id=\"08dfdb6\" data-element_type=\"widget\" data-widget_type=\"divider.default\">\n\t\t\t\t<div class=\"elementor-widget-container\">\n\t\t\t\t\t\t\t<div class=\"elementor-divider\">\n\t\t\t<span class=\"elementor-divider-separator\">\n\t\t\t\t\t\t<\/span>\n\t\t<\/div>\n\t\t\t\t\t\t<\/div>\n\t\t\t\t<\/div>\n\t\t<div class=\"elementor-element elementor-element-f497672 e-con-full e-flex e-con e-child\" data-id=\"f497672\" data-element_type=\"container\">\n\t\t\t\t<div class=\"elementor-element elementor-element-3113b82 elementor-widget__width-auto elementor-view-default elementor-widget elementor-widget-icon\" data-id=\"3113b82\" data-element_type=\"widget\" data-widget_type=\"icon.default\">\n\t\t\t\t<div class=\"elementor-widget-container\">\n\t\t\t\t\t\t\t<div class=\"elementor-icon-wrapper\">\n\t\t\t<div class=\"elementor-icon\">\n\t\t\t<i aria-hidden=\"true\" class=\"fas fa-language\"><\/i>\t\t\t<\/div>\n\t\t<\/div>\n\t\t\t\t\t\t<\/div>\n\t\t\t\t<\/div>\n\t\t\t\t<div class=\"elementor-element elementor-element-55ba0f3 elementor-widget__width-auto elementor-widget elementor-widget-heading\" data-id=\"55ba0f3\" data-element_type=\"widget\" data-widget_type=\"heading.default\">\n\t\t\t\t<div class=\"elementor-widget-container\">\n\t\t\t\t\t<span class=\"elementor-heading-title elementor-size-default\">Franc\u00e9s, espa\u00f1ol e ingl\u00e9s<\/span>\t\t\t\t<\/div>\n\t\t\t\t<\/div>\n\t\t\t\t<\/div>\n\t\t\t\t<div class=\"elementor-element elementor-element-c7f074d elementor-widget elementor-widget-text-editor\" data-id=\"c7f074d\" data-element_type=\"widget\" data-widget_type=\"text-editor.default\">\n\t\t\t\t<div class=\"elementor-widget-container\">\n\t\t\t\t\t\t\t\t\t<p>Mariel Sanchez tiene varios a\u00f1os de experiencia en el campo de la inmigraci\u00f3n, especializ\u00e1ndose en casos de inmigraci\u00f3n econ\u00f3mica tanto provincial como federal, solicitudes de permiso de trabajo y extensiones de estatus temporal. Miembro de nuestro equipo desde el a\u00f1o 2019, se adapta f\u00e1cilmente a nuevos desaf\u00edos, disfruta realizar varias tareas al mismo tiempo de manera eficaz, le encanta el trabajo en equipo y se enfoca en la soluci\u00f3n de problemas. Posee un diploma en soporte inform\u00e1tico, un t\u00edtulo de licenciatura en administraci\u00f3n y habla ingl\u00e9s, franc\u00e9s y espa\u00f1ol.<\/p>\n\t\t\t\t\t\t\t\t<\/div>\n\t\t\t\t<\/div>\n\t\t\t\t<\/div>\n\t\t<div class=\"elementor-element elementor-element-783a413 e-con-full e-flex e-con e-child\" data-id=\"783a413\" data-element_type=\"container\">\n\t\t\t\t<div class=\"elementor-element elementor-element-8882035 elementor-position-left elementor-vertical-align-middle elementor-position-top elementor-widget elementor-widget-image-box\" data-id=\"8882035\" data-element_type=\"widget\" data-widget_type=\"image-box.default\">\n\t\t\t\t<div class=\"elementor-widget-container\">\n\t\t\t\t\t<div class=\"elementor-image-box-wrapper\"><figure class=\"elementor-image-box-img\"><img loading=\"lazy\" decoding=\"async\" width=\"300\" height=\"300\" src=\"https:\/\/artim.ca\/wp-content\/uploads\/2024\/01\/Laurence-Darles-300x300.jpg\" class=\"attachment-medium size-medium wp-image-4433\" alt=\"\" title=\"\" srcset=\"https:\/\/artim.ca\/wp-content\/uploads\/2024\/01\/Laurence-Darles-300x300.jpg 300w, https:\/\/artim.ca\/wp-content\/uploads\/2024\/01\/Laurence-Darles-1024x1024.jpg 1024w, https:\/\/artim.ca\/wp-content\/uploads\/2024\/01\/Laurence-Darles-150x150.jpg 150w, https:\/\/artim.ca\/wp-content\/uploads\/2024\/01\/Laurence-Darles-768x768.jpg 768w, https:\/\/artim.ca\/wp-content\/uploads\/2024\/01\/Laurence-Darles.jpg 1266w\" sizes=\"(max-width: 300px) 100vw, 300px\" \/><\/figure><div class=\"elementor-image-box-content\"><h3 class=\"elementor-image-box-title\">Laurence Darles<\/h3><p class=\"elementor-image-box-description\">Consultora Reglamentada en Inmigraci\u00f3n Canadiense<\/p><\/div><\/div>\t\t\t\t<\/div>\n\t\t\t\t<\/div>\n\t\t\t\t<div class=\"elementor-element elementor-element-310f768 elementor-widget-divider--view-line elementor-widget elementor-widget-divider\" data-id=\"310f768\" data-element_type=\"widget\" data-widget_type=\"divider.default\">\n\t\t\t\t<div class=\"elementor-widget-container\">\n\t\t\t\t\t\t\t<div class=\"elementor-divider\">\n\t\t\t<span class=\"elementor-divider-separator\">\n\t\t\t\t\t\t<\/span>\n\t\t<\/div>\n\t\t\t\t\t\t<\/div>\n\t\t\t\t<\/div>\n\t\t<div class=\"elementor-element elementor-element-32a7fb0 e-con-full e-flex e-con e-child\" data-id=\"32a7fb0\" data-element_type=\"container\">\n\t\t\t\t<div class=\"elementor-element elementor-element-dda77ba elementor-widget__width-auto elementor-view-default elementor-widget elementor-widget-icon\" data-id=\"dda77ba\" data-element_type=\"widget\" data-widget_type=\"icon.default\">\n\t\t\t\t<div class=\"elementor-widget-container\">\n\t\t\t\t\t\t\t<div class=\"elementor-icon-wrapper\">\n\t\t\t<div class=\"elementor-icon\">\n\t\t\t<i aria-hidden=\"true\" class=\"fas fa-language\"><\/i>\t\t\t<\/div>\n\t\t<\/div>\n\t\t\t\t\t\t<\/div>\n\t\t\t\t<\/div>\n\t\t\t\t<div class=\"elementor-element elementor-element-1937c9d elementor-widget__width-auto elementor-widget elementor-widget-heading\" data-id=\"1937c9d\" data-element_type=\"widget\" data-widget_type=\"heading.default\">\n\t\t\t\t<div class=\"elementor-widget-container\">\n\t\t\t\t\t<span class=\"elementor-heading-title elementor-size-default\">Franc\u00e9s, espa\u00f1ol e ingl\u00e9s<\/span>\t\t\t\t<\/div>\n\t\t\t\t<\/div>\n\t\t\t\t<\/div>\n\t\t\t\t<div class=\"elementor-element elementor-element-7e28c40 elementor-widget elementor-widget-text-editor\" data-id=\"7e28c40\" data-element_type=\"widget\" data-widget_type=\"text-editor.default\">\n\t\t\t\t<div class=\"elementor-widget-container\">\n\t\t\t\t\t\t\t\t\t<p>Despu\u00e9s de una maestr\u00eda en gesti\u00f3n empresarial, Laurence ha obtenido un posgrado en inmigraci\u00f3n de la Universidad de Montr\u00e9al.<\/p>\n<p>Laurence tiene experiencia en los programas para trabajadores extranjeros temporales y trabajadores independientes, y se especializa en programas de inmigraci\u00f3n econ\u00f3mica.<\/p>\n\t\t\t\t\t\t\t\t<\/div>\n\t\t\t\t<\/div>\n\t\t\t\t<div class=\"elementor-element elementor-element-0411764 elementor-align-start elementor-icon-list--layout-traditional elementor-list-item-link-full_width elementor-widget elementor-widget-icon-list\" data-id=\"0411764\" data-element_type=\"widget\" data-widget_type=\"icon-list.default\">\n\t\t\t\t<div class=\"elementor-widget-container\">\n\t\t\t\t\t\t\t<ul class=\"elementor-icon-list-items\">\n\t\t\t\t\t\t\t<li class=\"elementor-icon-list-item\">\n\t\t\t\t\t\t\t\t\t\t\t<a href=\"https:\/\/register.college-ic.ca\/Public-Register-EN\/Licensee\/Profile.aspx?ID=10918\" target=\"_blank\" rel=\"noopener\">\n\n\t\t\t\t\t\t\t\t\t\t\t\t<span class=\"elementor-icon-list-icon\">\n\t\t\t\t\t\t\t<i aria-hidden=\"true\" class=\"far fa-check-circle\"><\/i>\t\t\t\t\t\t<\/span>\n\t\t\t\t\t\t\t\t\t\t<span class=\"elementor-icon-list-text\">Consultora Reglamentada en Inmigraci\u00f3n Canadiense (Licencia #R713009)<\/span>\n\t\t\t\t\t\t\t\t\t\t\t<\/a>\n\t\t\t\t\t\t\t\t\t<\/li>\n\t\t\t\t\t\t\t\t<li class=\"elementor-icon-list-item\">\n\t\t\t\t\t\t\t\t\t\t\t<a href=\"https:\/\/www.quebec.ca\/immigration\/consultants-immigration\/trouver-consultant?id=25189&#038;tx_solr%5Bq%5D=Darles&#038;tx_solr%5Bsort%5D=alphaAsc%20asc&#038;tx_solr%5BresultsPerPage%5D=10&#038;tx_solr%5Bpage%5D=1\" target=\"_blank\" rel=\"noopener\">\n\n\t\t\t\t\t\t\t\t\t\t\t\t<span class=\"elementor-icon-list-icon\">\n\t\t\t\t\t\t\t<i aria-hidden=\"true\" class=\"far fa-check-circle\"><\/i>\t\t\t\t\t\t<\/span>\n\t\t\t\t\t\t\t\t\t\t<span class=\"elementor-icon-list-text\">Consultora Certificada en Inmigraci\u00f3n de Qu\u00e9bec (N\u00b0 12137)<\/span>\n\t\t\t\t\t\t\t\t\t\t\t<\/a>\n\t\t\t\t\t\t\t\t\t<\/li>\n\t\t\t\t\t\t\t\t<li class=\"elementor-icon-list-item\">\n\t\t\t\t\t\t\t\t\t\t\t<span class=\"elementor-icon-list-icon\">\n\t\t\t\t\t\t\t<i aria-hidden=\"true\" class=\"far fa-check-circle\"><\/i>\t\t\t\t\t\t<\/span>\n\t\t\t\t\t\t\t\t\t\t<span class=\"elementor-icon-list-text\">Miembro de la Asociaci\u00f3n Canadiense de Consultores Profesionales en Inmigraci\u00f3n (ACCPI\/CAPIC)<\/span>\n\t\t\t\t\t\t\t\t\t<\/li>\n\t\t\t\t\t\t<\/ul>\n\t\t\t\t\t\t<\/div>\n\t\t\t\t<\/div>\n\t\t\t\t<\/div>\n\t\t<div class=\"elementor-element elementor-element-f334f2c e-con-full e-flex e-con e-child\" data-id=\"f334f2c\" data-element_type=\"container\">\n\t\t\t\t<div class=\"elementor-element elementor-element-efd0476 elementor-position-left elementor-vertical-align-middle elementor-position-top elementor-widget elementor-widget-image-box\" data-id=\"efd0476\" data-element_type=\"widget\" data-widget_type=\"image-box.default\">\n\t\t\t\t<div class=\"elementor-widget-container\">\n\t\t\t\t\t<div class=\"elementor-image-box-wrapper\"><figure class=\"elementor-image-box-img\"><img loading=\"lazy\" decoding=\"async\" width=\"300\" height=\"300\" src=\"https:\/\/artim.ca\/wp-content\/uploads\/2024\/06\/Alejandra-Carrillo-1-300x300.jpg\" class=\"attachment-medium size-medium wp-image-4502\" alt=\"\" title=\"\" srcset=\"https:\/\/artim.ca\/wp-content\/uploads\/2024\/06\/Alejandra-Carrillo-1-300x300.jpg 300w, https:\/\/artim.ca\/wp-content\/uploads\/2024\/06\/Alejandra-Carrillo-1-1024x1024.jpg 1024w, https:\/\/artim.ca\/wp-content\/uploads\/2024\/06\/Alejandra-Carrillo-1-150x150.jpg 150w, https:\/\/artim.ca\/wp-content\/uploads\/2024\/06\/Alejandra-Carrillo-1-768x768.jpg 768w, https:\/\/artim.ca\/wp-content\/uploads\/2024\/06\/Alejandra-Carrillo-1.jpg 1049w\" sizes=\"(max-width: 300px) 100vw, 300px\" \/><\/figure><div class=\"elementor-image-box-content\"><h3 class=\"elementor-image-box-title\">Alejandra Carrillo<\/h3><p class=\"elementor-image-box-description\">Case Manager<\/p><\/div><\/div>\t\t\t\t<\/div>\n\t\t\t\t<\/div>\n\t\t\t\t<div class=\"elementor-element elementor-element-7ba34a9 elementor-widget-divider--view-line elementor-widget elementor-widget-divider\" data-id=\"7ba34a9\" data-element_type=\"widget\" data-widget_type=\"divider.default\">\n\t\t\t\t<div class=\"elementor-widget-container\">\n\t\t\t\t\t\t\t<div class=\"elementor-divider\">\n\t\t\t<span class=\"elementor-divider-separator\">\n\t\t\t\t\t\t<\/span>\n\t\t<\/div>\n\t\t\t\t\t\t<\/div>\n\t\t\t\t<\/div>\n\t\t<div class=\"elementor-element elementor-element-84af753 e-con-full e-flex e-con e-child\" data-id=\"84af753\" data-element_type=\"container\">\n\t\t\t\t<div class=\"elementor-element elementor-element-d556de6 elementor-widget__width-auto elementor-view-default elementor-widget elementor-widget-icon\" data-id=\"d556de6\" data-element_type=\"widget\" data-widget_type=\"icon.default\">\n\t\t\t\t<div class=\"elementor-widget-container\">\n\t\t\t\t\t\t\t<div class=\"elementor-icon-wrapper\">\n\t\t\t<div class=\"elementor-icon\">\n\t\t\t<i aria-hidden=\"true\" class=\"fas fa-language\"><\/i>\t\t\t<\/div>\n\t\t<\/div>\n\t\t\t\t\t\t<\/div>\n\t\t\t\t<\/div>\n\t\t\t\t<div class=\"elementor-element elementor-element-eb70d75 elementor-widget__width-auto elementor-widget elementor-widget-heading\" data-id=\"eb70d75\" data-element_type=\"widget\" data-widget_type=\"heading.default\">\n\t\t\t\t<div class=\"elementor-widget-container\">\n\t\t\t\t\t<span class=\"elementor-heading-title elementor-size-default\">Franc\u00e9s, espa\u00f1ol e ingl\u00e9s<\/span>\t\t\t\t<\/div>\n\t\t\t\t<\/div>\n\t\t\t\t<\/div>\n\t\t\t\t<div class=\"elementor-element elementor-element-c640839 elementor-widget elementor-widget-text-editor\" data-id=\"c640839\" data-element_type=\"widget\" data-widget_type=\"text-editor.default\">\n\t\t\t\t<div class=\"elementor-widget-container\">\n\t\t\t\t\t\t\t\t\t<p>Titulada en Relaciones Internacionales, Alejandra trabaja en el campo de la inmigraci\u00f3n canadiense desde el 2019. Se especializa en la preparaci\u00f3n de solicitudes de residencia temporal, incluyendo visas, permisos de estudio, permisos de trabajo, LMIA, CAQ, entre otros.<\/p>\n<p>Adem\u00e1s, cuenta con amplia experiencia en solicitudes de residencia permanente tanto por programas federales como provinciales, as\u00ed como en solicitudes de ciudadan\u00eda canadiense. Comprometida a ofrecer un servicio personalizado y eficiente para facilitar el proceso migratorio a Canad\u00e1.<\/p>\n\t\t\t\t\t\t\t\t<\/div>\n\t\t\t\t<\/div>\n\t\t\t\t<\/div>\n\t\t<div class=\"elementor-element elementor-element-48c26bf e-con-full e-flex e-con e-child\" data-id=\"48c26bf\" data-element_type=\"container\">\n\t\t\t\t<div class=\"elementor-element elementor-element-93c8942 elementor-position-left elementor-vertical-align-middle elementor-position-top elementor-widget elementor-widget-image-box\" data-id=\"93c8942\" data-element_type=\"widget\" data-widget_type=\"image-box.default\">\n\t\t\t\t<div class=\"elementor-widget-container\">\n\t\t\t\t\t<div class=\"elementor-image-box-wrapper\"><figure class=\"elementor-image-box-img\"><img loading=\"lazy\" decoding=\"async\" width=\"300\" height=\"300\" src=\"https:\/\/artim.ca\/wp-content\/uploads\/2024\/06\/Pamela-Juteau-300x300.jpg\" class=\"attachment-medium size-medium wp-image-4496\" alt=\"\" title=\"\" srcset=\"https:\/\/artim.ca\/wp-content\/uploads\/2024\/06\/Pamela-Juteau-300x300.jpg 300w, https:\/\/artim.ca\/wp-content\/uploads\/2024\/06\/Pamela-Juteau-1024x1024.jpg 1024w, https:\/\/artim.ca\/wp-content\/uploads\/2024\/06\/Pamela-Juteau-150x150.jpg 150w, https:\/\/artim.ca\/wp-content\/uploads\/2024\/06\/Pamela-Juteau-768x768.jpg 768w, https:\/\/artim.ca\/wp-content\/uploads\/2024\/06\/Pamela-Juteau.jpg 1359w\" sizes=\"(max-width: 300px) 100vw, 300px\" \/><\/figure><div class=\"elementor-image-box-content\"><h3 class=\"elementor-image-box-title\">Pam\u00e9la Juteau<\/h3><p class=\"elementor-image-box-description\">Case Manager<\/p><\/div><\/div>\t\t\t\t<\/div>\n\t\t\t\t<\/div>\n\t\t\t\t<div class=\"elementor-element elementor-element-4d3ae61 elementor-widget-divider--view-line elementor-widget elementor-widget-divider\" data-id=\"4d3ae61\" data-element_type=\"widget\" data-widget_type=\"divider.default\">\n\t\t\t\t<div class=\"elementor-widget-container\">\n\t\t\t\t\t\t\t<div class=\"elementor-divider\">\n\t\t\t<span class=\"elementor-divider-separator\">\n\t\t\t\t\t\t<\/span>\n\t\t<\/div>\n\t\t\t\t\t\t<\/div>\n\t\t\t\t<\/div>\n\t\t<div class=\"elementor-element elementor-element-165831f e-con-full e-flex e-con e-child\" data-id=\"165831f\" data-element_type=\"container\">\n\t\t\t\t<div class=\"elementor-element elementor-element-333987b elementor-widget__width-auto elementor-view-default elementor-widget elementor-widget-icon\" data-id=\"333987b\" data-element_type=\"widget\" data-widget_type=\"icon.default\">\n\t\t\t\t<div class=\"elementor-widget-container\">\n\t\t\t\t\t\t\t<div class=\"elementor-icon-wrapper\">\n\t\t\t<div class=\"elementor-icon\">\n\t\t\t<i aria-hidden=\"true\" class=\"fas fa-language\"><\/i>\t\t\t<\/div>\n\t\t<\/div>\n\t\t\t\t\t\t<\/div>\n\t\t\t\t<\/div>\n\t\t\t\t<div class=\"elementor-element elementor-element-d9c48fc elementor-widget__width-auto elementor-widget elementor-widget-heading\" data-id=\"d9c48fc\" data-element_type=\"widget\" data-widget_type=\"heading.default\">\n\t\t\t\t<div class=\"elementor-widget-container\">\n\t\t\t\t\t<span class=\"elementor-heading-title elementor-size-default\">Franc\u00e9s e ingl\u00e9s<\/span>\t\t\t\t<\/div>\n\t\t\t\t<\/div>\n\t\t\t\t<\/div>\n\t\t\t\t<div class=\"elementor-element elementor-element-8d88116 elementor-widget elementor-widget-text-editor\" data-id=\"8d88116\" data-element_type=\"widget\" data-widget_type=\"text-editor.default\">\n\t\t\t\t<div class=\"elementor-widget-container\">\n\t\t\t\t\t\t\t\t\t<p>Pam\u00e9la trabaja en el campo del derecho en inmigraci\u00f3n desde el a\u00f1o 2019. Graduada en comunicaciones de la Universidad de Quebec en Montreal, ha desarrollado s\u00f3lidas habilidades en gesti\u00f3n y organizaci\u00f3n.<\/p>\n<p>Se distingue por su atenci\u00f3n al detalle, su compromiso con los casos de sus clientes y su determinaci\u00f3n para obtener resultados, lo que la impulsa a buscar siempre la excelencia en su trabajo.<\/p>\n\t\t\t\t\t\t\t\t<\/div>\n\t\t\t\t<\/div>\n\t\t\t\t<\/div>\n\t\t<div class=\"elementor-element elementor-element-fe40896 e-con-full e-flex e-con e-child\" data-id=\"fe40896\" data-element_type=\"container\">\n\t\t\t\t<div class=\"elementor-element elementor-element-49216ec elementor-position-left elementor-vertical-align-middle elementor-position-top elementor-widget elementor-widget-image-box\" data-id=\"49216ec\" data-element_type=\"widget\" data-widget_type=\"image-box.default\">\n\t\t\t\t<div class=\"elementor-widget-container\">\n\t\t\t\t\t<div class=\"elementor-image-box-wrapper\"><figure class=\"elementor-image-box-img\"><img loading=\"lazy\" decoding=\"async\" width=\"300\" height=\"300\" src=\"https:\/\/artim.ca\/wp-content\/uploads\/2025\/06\/Andrea-Diaz-Helmeyer-300x300.jpg\" class=\"attachment-medium size-medium wp-image-4972\" alt=\"\" title=\"\" srcset=\"https:\/\/artim.ca\/wp-content\/uploads\/2025\/06\/Andrea-Diaz-Helmeyer-300x300.jpg 300w, https:\/\/artim.ca\/wp-content\/uploads\/2025\/06\/Andrea-Diaz-Helmeyer-1024x1024.jpg 1024w, https:\/\/artim.ca\/wp-content\/uploads\/2025\/06\/Andrea-Diaz-Helmeyer-150x150.jpg 150w, https:\/\/artim.ca\/wp-content\/uploads\/2025\/06\/Andrea-Diaz-Helmeyer-768x768.jpg 768w, https:\/\/artim.ca\/wp-content\/uploads\/2025\/06\/Andrea-Diaz-Helmeyer-400x400.jpg 400w, https:\/\/artim.ca\/wp-content\/uploads\/2025\/06\/Andrea-Diaz-Helmeyer-600x600.jpg 600w, https:\/\/artim.ca\/wp-content\/uploads\/2025\/06\/Andrea-Diaz-Helmeyer.jpg 1136w\" sizes=\"(max-width: 300px) 100vw, 300px\" \/><\/figure><div class=\"elementor-image-box-content\"><h3 class=\"elementor-image-box-title\">Andrea D\u00edaz Helmeyer<\/h3><p class=\"elementor-image-box-description\">Case manager<\/p><\/div><\/div>\t\t\t\t<\/div>\n\t\t\t\t<\/div>\n\t\t\t\t<div class=\"elementor-element elementor-element-025eca0 elementor-widget-divider--view-line elementor-widget elementor-widget-divider\" data-id=\"025eca0\" data-element_type=\"widget\" data-widget_type=\"divider.default\">\n\t\t\t\t<div class=\"elementor-widget-container\">\n\t\t\t\t\t\t\t<div class=\"elementor-divider\">\n\t\t\t<span class=\"elementor-divider-separator\">\n\t\t\t\t\t\t<\/span>\n\t\t<\/div>\n\t\t\t\t\t\t<\/div>\n\t\t\t\t<\/div>\n\t\t<div class=\"elementor-element elementor-element-4791262 e-con-full e-flex e-con e-child\" data-id=\"4791262\" data-element_type=\"container\">\n\t\t\t\t<div class=\"elementor-element elementor-element-21371aa elementor-widget__width-auto elementor-view-default elementor-widget elementor-widget-icon\" data-id=\"21371aa\" data-element_type=\"widget\" data-widget_type=\"icon.default\">\n\t\t\t\t<div class=\"elementor-widget-container\">\n\t\t\t\t\t\t\t<div class=\"elementor-icon-wrapper\">\n\t\t\t<div class=\"elementor-icon\">\n\t\t\t<i aria-hidden=\"true\" class=\"fas fa-language\"><\/i>\t\t\t<\/div>\n\t\t<\/div>\n\t\t\t\t\t\t<\/div>\n\t\t\t\t<\/div>\n\t\t\t\t<div class=\"elementor-element elementor-element-32a23e6 elementor-widget__width-auto elementor-widget elementor-widget-heading\" data-id=\"32a23e6\" data-element_type=\"widget\" data-widget_type=\"heading.default\">\n\t\t\t\t<div class=\"elementor-widget-container\">\n\t\t\t\t\t<span class=\"elementor-heading-title elementor-size-default\">Franc\u00e9s, espa\u00f1ol e ingl\u00e9s<\/span>\t\t\t\t<\/div>\n\t\t\t\t<\/div>\n\t\t\t\t<\/div>\n\t\t\t\t<div class=\"elementor-element elementor-element-527164f elementor-widget elementor-widget-text-editor\" data-id=\"527164f\" data-element_type=\"widget\" data-widget_type=\"text-editor.default\">\n\t\t\t\t<div class=\"elementor-widget-container\">\n\t\t\t\t\t\t\t\t\t<p>M\u00e1s all\u00e1 del \u00e1mbito jur\u00eddico, Andrea se involucra activamente en su comunidad, participando en iniciativas de voluntariado y apoyando a la comunidad latina en Montreal. Su misi\u00f3n es brindar las herramientas necesarias para el \u00e9xito y generar un impacto positivo en la sociedad.<\/p>\n\t\t\t\t\t\t\t\t<\/div>\n\t\t\t\t<\/div>\n\t\t\t\t<\/div>\n\t\t<div class=\"elementor-element elementor-element-bc63c5c e-con-full e-flex e-con e-child\" data-id=\"bc63c5c\" data-element_type=\"container\">\n\t\t\t\t<div class=\"elementor-element elementor-element-bb8cb27 elementor-position-left elementor-vertical-align-middle elementor-position-top elementor-widget elementor-widget-image-box\" data-id=\"bb8cb27\" data-element_type=\"widget\" data-widget_type=\"image-box.default\">\n\t\t\t\t<div class=\"elementor-widget-container\">\n\t\t\t\t\t<div class=\"elementor-image-box-wrapper\"><figure class=\"elementor-image-box-img\"><img loading=\"lazy\" decoding=\"async\" width=\"300\" height=\"300\" src=\"https:\/\/artim.ca\/wp-content\/uploads\/2025\/06\/Stephany-Pulido-300x300.jpg\" class=\"attachment-medium size-medium wp-image-4975\" alt=\"\" title=\"\" srcset=\"https:\/\/artim.ca\/wp-content\/uploads\/2025\/06\/Stephany-Pulido-300x300.jpg 300w, https:\/\/artim.ca\/wp-content\/uploads\/2025\/06\/Stephany-Pulido-1024x1024.jpg 1024w, https:\/\/artim.ca\/wp-content\/uploads\/2025\/06\/Stephany-Pulido-150x150.jpg 150w, https:\/\/artim.ca\/wp-content\/uploads\/2025\/06\/Stephany-Pulido-768x768.jpg 768w, https:\/\/artim.ca\/wp-content\/uploads\/2025\/06\/Stephany-Pulido-400x400.jpg 400w, https:\/\/artim.ca\/wp-content\/uploads\/2025\/06\/Stephany-Pulido-600x600.jpg 600w, https:\/\/artim.ca\/wp-content\/uploads\/2025\/06\/Stephany-Pulido.jpg 1501w\" sizes=\"(max-width: 300px) 100vw, 300px\" \/><\/figure><div class=\"elementor-image-box-content\"><h3 class=\"elementor-image-box-title\">Stephany Pulido<\/h3><p class=\"elementor-image-box-description\">Asistente Administrativa<\/p><\/div><\/div>\t\t\t\t<\/div>\n\t\t\t\t<\/div>\n\t\t\t\t<div class=\"elementor-element elementor-element-66c41b4 elementor-widget-divider--view-line elementor-widget elementor-widget-divider\" data-id=\"66c41b4\" data-element_type=\"widget\" data-widget_type=\"divider.default\">\n\t\t\t\t<div class=\"elementor-widget-container\">\n\t\t\t\t\t\t\t<div class=\"elementor-divider\">\n\t\t\t<span class=\"elementor-divider-separator\">\n\t\t\t\t\t\t<\/span>\n\t\t<\/div>\n\t\t\t\t\t\t<\/div>\n\t\t\t\t<\/div>\n\t\t<div class=\"elementor-element elementor-element-e306bd7 e-con-full e-flex e-con e-child\" data-id=\"e306bd7\" data-element_type=\"container\">\n\t\t\t\t<div class=\"elementor-element elementor-element-33d18d2 elementor-widget__width-auto elementor-view-default elementor-widget elementor-widget-icon\" data-id=\"33d18d2\" data-element_type=\"widget\" data-widget_type=\"icon.default\">\n\t\t\t\t<div class=\"elementor-widget-container\">\n\t\t\t\t\t\t\t<div class=\"elementor-icon-wrapper\">\n\t\t\t<div class=\"elementor-icon\">\n\t\t\t<i aria-hidden=\"true\" class=\"fas fa-language\"><\/i>\t\t\t<\/div>\n\t\t<\/div>\n\t\t\t\t\t\t<\/div>\n\t\t\t\t<\/div>\n\t\t\t\t<div class=\"elementor-element elementor-element-11b9cd1 elementor-widget__width-auto elementor-widget elementor-widget-heading\" data-id=\"11b9cd1\" data-element_type=\"widget\" data-widget_type=\"heading.default\">\n\t\t\t\t<div class=\"elementor-widget-container\">\n\t\t\t\t\t<span class=\"elementor-heading-title elementor-size-default\">Franc\u00e9s, espa\u00f1ol e ingl\u00e9s<\/span>\t\t\t\t<\/div>\n\t\t\t\t<\/div>\n\t\t\t\t<\/div>\n\t\t\t\t<div class=\"elementor-element elementor-element-ebb5814 elementor-widget elementor-widget-text-editor\" data-id=\"ebb5814\" data-element_type=\"widget\" data-widget_type=\"text-editor.default\">\n\t\t\t\t<div class=\"elementor-widget-container\">\n\t\t\t\t\t\t\t\t\t<p>Stephany Pulido es nuestra asistente administrativa dedicada y detallista. Tiene un t\u00edtulo universitario en Psicolog\u00eda, as\u00ed como un diploma en Estudios Secretariales con Especializaci\u00f3n Legal. Desde 2023, trabaja en el \u00e1rea de inmigraci\u00f3n, gestionando con eficiencia las operaciones administrativas diarias y preparando documentaci\u00f3n legal.<\/p>\n<p>Su formaci\u00f3n en psicolog\u00eda mejora su comunicaci\u00f3n, empat\u00eda y capacidad para resolver problemas, lo que la convierte en un miembro valioso de nuestro equipo legal.<\/p>\n\t\t\t\t\t\t\t\t<\/div>\n\t\t\t\t<\/div>\n\t\t\t\t<\/div>\n\t\t<div class=\"elementor-element elementor-element-ddf54e1 e-con-full e-flex e-con e-child\" data-id=\"ddf54e1\" data-element_type=\"container\">\n\t\t\t\t<div class=\"elementor-element elementor-element-896e2d5 elementor-position-left elementor-vertical-align-middle elementor-position-top elementor-widget elementor-widget-image-box\" data-id=\"896e2d5\" data-element_type=\"widget\" data-widget_type=\"image-box.default\">\n\t\t\t\t<div class=\"elementor-widget-container\">\n\t\t\t\t\t<div class=\"elementor-image-box-wrapper\"><figure class=\"elementor-image-box-img\"><img loading=\"lazy\" decoding=\"async\" width=\"300\" height=\"300\" src=\"https:\/\/artim.ca\/wp-content\/uploads\/2024\/01\/Carolina-3-300x300.jpg\" class=\"attachment-medium size-medium wp-image-4430\" alt=\"\" title=\"\" srcset=\"https:\/\/artim.ca\/wp-content\/uploads\/2024\/01\/Carolina-3-300x300.jpg 300w, https:\/\/artim.ca\/wp-content\/uploads\/2024\/01\/Carolina-3-1024x1024.jpg 1024w, https:\/\/artim.ca\/wp-content\/uploads\/2024\/01\/Carolina-3-150x150.jpg 150w, https:\/\/artim.ca\/wp-content\/uploads\/2024\/01\/Carolina-3-768x768.jpg 768w, https:\/\/artim.ca\/wp-content\/uploads\/2024\/01\/Carolina-3.jpg 1283w\" sizes=\"(max-width: 300px) 100vw, 300px\" \/><\/figure><div class=\"elementor-image-box-content\"><h3 class=\"elementor-image-box-title\">Carolina Pach\u00f3n<\/h3><p class=\"elementor-image-box-description\">Especialista en marketing digital<\/p><\/div><\/div>\t\t\t\t<\/div>\n\t\t\t\t<\/div>\n\t\t\t\t<div class=\"elementor-element elementor-element-a0e8637 elementor-widget-divider--view-line elementor-widget elementor-widget-divider\" data-id=\"a0e8637\" data-element_type=\"widget\" data-widget_type=\"divider.default\">\n\t\t\t\t<div class=\"elementor-widget-container\">\n\t\t\t\t\t\t\t<div class=\"elementor-divider\">\n\t\t\t<span class=\"elementor-divider-separator\">\n\t\t\t\t\t\t<\/span>\n\t\t<\/div>\n\t\t\t\t\t\t<\/div>\n\t\t\t\t<\/div>\n\t\t<div class=\"elementor-element elementor-element-7c72189 e-con-full e-flex e-con e-child\" data-id=\"7c72189\" data-element_type=\"container\">\n\t\t\t\t<div class=\"elementor-element elementor-element-922a047 elementor-widget__width-auto elementor-view-default elementor-widget elementor-widget-icon\" data-id=\"922a047\" data-element_type=\"widget\" data-widget_type=\"icon.default\">\n\t\t\t\t<div class=\"elementor-widget-container\">\n\t\t\t\t\t\t\t<div class=\"elementor-icon-wrapper\">\n\t\t\t<div class=\"elementor-icon\">\n\t\t\t<i aria-hidden=\"true\" class=\"fas fa-language\"><\/i>\t\t\t<\/div>\n\t\t<\/div>\n\t\t\t\t\t\t<\/div>\n\t\t\t\t<\/div>\n\t\t\t\t<div class=\"elementor-element elementor-element-6b86f17 elementor-widget__width-auto elementor-widget elementor-widget-heading\" data-id=\"6b86f17\" data-element_type=\"widget\" data-widget_type=\"heading.default\">\n\t\t\t\t<div class=\"elementor-widget-container\">\n\t\t\t\t\t<span class=\"elementor-heading-title elementor-size-default\">Franc\u00e9s, espa\u00f1ol e ingl\u00e9s<\/span>\t\t\t\t<\/div>\n\t\t\t\t<\/div>\n\t\t\t\t<\/div>\n\t\t\t\t<div class=\"elementor-element elementor-element-6756bcd elementor-widget elementor-widget-text-editor\" data-id=\"6756bcd\" data-element_type=\"widget\" data-widget_type=\"text-editor.default\">\n\t\t\t\t<div class=\"elementor-widget-container\">\n\t\t\t\t\t\t\t\t\t<p>Con m\u00e1s de 16 a\u00f1os de experiencia en marketing y ventas, Carolina cuenta con postgrado en gerencia comercial y marketing, estudios especializados en marketing digital y un t\u00edtulo como profesional en negocios internacionales.<\/p>\n<p>Desde el 2005 ha liderado proyectos de desarrollo mercado, asesorando en estrategias de ventas y marketing. Carolina est\u00e1 a cargo de la presencia en redes sociales y la gesti\u00f3n de contenido de Martineau &amp; Mindicanu.<\/p>\n\t\t\t\t\t\t\t\t<\/div>\n\t\t\t\t<\/div>\n\t\t\t\t<\/div>\n\t\t<div class=\"elementor-element elementor-element-2e55093 e-con-full e-flex e-con e-child\" data-id=\"2e55093\" data-element_type=\"container\">\n\t\t\t\t<div class=\"elementor-element elementor-element-8858892 elementor-position-left elementor-vertical-align-middle elementor-position-top elementor-widget elementor-widget-image-box\" data-id=\"8858892\" data-element_type=\"widget\" data-widget_type=\"image-box.default\">\n\t\t\t\t<div class=\"elementor-widget-container\">\n\t\t\t\t\t<div class=\"elementor-image-box-wrapper\"><figure class=\"elementor-image-box-img\"><img loading=\"lazy\" decoding=\"async\" width=\"300\" height=\"300\" src=\"https:\/\/artim.ca\/wp-content\/uploads\/2026\/01\/Andrezza-Lenci-300x300.jpg\" class=\"attachment-medium size-medium wp-image-5352\" alt=\"\" title=\"\" srcset=\"https:\/\/artim.ca\/wp-content\/uploads\/2026\/01\/Andrezza-Lenci-300x300.jpg 300w, https:\/\/artim.ca\/wp-content\/uploads\/2026\/01\/Andrezza-Lenci-1024x1024.jpg 1024w, https:\/\/artim.ca\/wp-content\/uploads\/2026\/01\/Andrezza-Lenci-150x150.jpg 150w, https:\/\/artim.ca\/wp-content\/uploads\/2026\/01\/Andrezza-Lenci-768x768.jpg 768w, https:\/\/artim.ca\/wp-content\/uploads\/2026\/01\/Andrezza-Lenci.jpg 1173w\" sizes=\"(max-width: 300px) 100vw, 300px\" \/><\/figure><div class=\"elementor-image-box-content\"><h3 class=\"elementor-image-box-title\">Andrezza Lenci<\/h3><p class=\"elementor-image-box-description\">Case manager<\/p><\/div><\/div>\t\t\t\t<\/div>\n\t\t\t\t<\/div>\n\t\t\t\t<div class=\"elementor-element elementor-element-ad0634c elementor-widget-divider--view-line elementor-widget elementor-widget-divider\" data-id=\"ad0634c\" data-element_type=\"widget\" data-widget_type=\"divider.default\">\n\t\t\t\t<div class=\"elementor-widget-container\">\n\t\t\t\t\t\t\t<div class=\"elementor-divider\">\n\t\t\t<span class=\"elementor-divider-separator\">\n\t\t\t\t\t\t<\/span>\n\t\t<\/div>\n\t\t\t\t\t\t<\/div>\n\t\t\t\t<\/div>\n\t\t<div class=\"elementor-element elementor-element-c9eb85c e-con-full e-flex e-con e-child\" data-id=\"c9eb85c\" data-element_type=\"container\">\n\t\t\t\t<div class=\"elementor-element elementor-element-53126b8 elementor-widget__width-auto elementor-view-default elementor-widget elementor-widget-icon\" data-id=\"53126b8\" data-element_type=\"widget\" data-widget_type=\"icon.default\">\n\t\t\t\t<div class=\"elementor-widget-container\">\n\t\t\t\t\t\t\t<div class=\"elementor-icon-wrapper\">\n\t\t\t<div class=\"elementor-icon\">\n\t\t\t<i aria-hidden=\"true\" class=\"fas fa-language\"><\/i>\t\t\t<\/div>\n\t\t<\/div>\n\t\t\t\t\t\t<\/div>\n\t\t\t\t<\/div>\n\t\t\t\t<div class=\"elementor-element elementor-element-2d47dad elementor-widget__width-auto elementor-widget elementor-widget-heading\" data-id=\"2d47dad\" data-element_type=\"widget\" data-widget_type=\"heading.default\">\n\t\t\t\t<div class=\"elementor-widget-container\">\n\t\t\t\t\t<span class=\"elementor-heading-title elementor-size-default\">Franc\u00e9s, espa\u00f1ol, ingl\u00e9s y portugu\u00e9s<\/span>\t\t\t\t<\/div>\n\t\t\t\t<\/div>\n\t\t\t\t<\/div>\n\t\t\t\t<div class=\"elementor-element elementor-element-b0041fb elementor-widget elementor-widget-text-editor\" data-id=\"b0041fb\" data-element_type=\"widget\" data-widget_type=\"text-editor.default\">\n\t\t\t\t<div class=\"elementor-widget-container\">\n\t\t\t\t\t\t\t\t\t<p>Profesional en administraci\u00f3n y coordinaci\u00f3n de proyectos, Andrezza cuenta con una s\u00f3lida experiencia en la gesti\u00f3n de expedientes complejos de inmigraci\u00f3n y en el apoyo organizacional desde 2017.<\/p>\n<p>Habiendo colaborado con clientes de distintos pa\u00edses, domina las particularidades de la documentaci\u00f3n internacional y ha desarrollado un enfoque riguroso, vers\u00e1til y adaptado a cada situaci\u00f3n.<\/p>\n<p>Multiling\u00fce, Andrezza prioriza una comunicaci\u00f3n clara, cercana y personalizada con cada cliente, garantizando al mismo tiempo la confidencialidad, la fiabilidad y la calidad de todos los procesos administrativos y de inmigraci\u00f3n que coordina.<\/p>\n\t\t\t\t\t\t\t\t<\/div>\n\t\t\t\t<\/div>\n\t\t\t\t<\/div>\n\t\t\t\t\t<\/div>\n\t\t\t\t<\/div>\n\t\t\t\t<section class=\"elementor-section elementor-top-section elementor-element elementor-element-4a1e1bb elementor-section-boxed elementor-section-height-default elementor-section-height-default\" data-id=\"4a1e1bb\" data-element_type=\"section\">\n\t\t\t\t\t\t<div class=\"elementor-container elementor-column-gap-default\">\n\t\t\t\t\t<div class=\"elementor-column elementor-col-100 elementor-top-column elementor-element elementor-element-ae84024\" data-id=\"ae84024\" data-element_type=\"column\">\n\t\t\t<div class=\"elementor-widget-wrap elementor-element-populated\">\n\t\t\t\t\t\t<div class=\"elementor-element elementor-element-2939a51 elementor-widget elementor-widget-text-editor\" data-id=\"2939a51\" data-element_type=\"widget\" data-widget_type=\"text-editor.default\">\n\t\t\t\t<div class=\"elementor-widget-container\">\n\t\t\t\t\t\t\t\t\t<p>Nuestro equipo comparte una pasi\u00f3n por el campo de la immigraci\u00f3n y disfruta hacer de cada proceso una obra de Arte. \u00a1Esperamos guiarlo en sus proyectos de inmigraci\u00f3n!<\/p>\n\t\t\t\t\t\t\t\t<\/div>\n\t\t\t\t<\/div>\n\t\t\t\t\t<\/div>\n\t\t<\/div>\n\t\t\t\t\t<\/div>\n\t\t<\/section>\n\t\t\t\t<\/div>\n\t\t","protected":false},"excerpt":{"rendered":"<p>Martineau &amp; Mindicanu A continuaci\u00f3n, conozca a los miembros clave de nuestro equipo que brindan asistencia a lo largo del proceso de inmigraci\u00f3n. Gracias a nuestro enfoque colaborativo y personalizado, nuestros clientes se benefician de la fortaleza de nuestros conocimientos colectivos y de la diversidad de nuestras perspectivas. Nuestro Equipo Yves Martineau Abogado, Fundador Franc\u00e9s, [&hellip;]<\/p>\n","protected":false},"author":2,"featured_media":0,"parent":0,"menu_order":0,"comment_status":"closed","ping_status":"closed","template":"","meta":{"footnotes":""},"class_list":["post-2856","page","type-page","status-publish","hentry"],"_links":{"self":[{"href":"https:\/\/artim.ca\/es\/wp-json\/wp\/v2\/pages\/2856","targetHints":{"allow":["GET"]}}],"collection":[{"href":"https:\/\/artim.ca\/es\/wp-json\/wp\/v2\/pages"}],"about":[{"href":"https:\/\/artim.ca\/es\/wp-json\/wp\/v2\/types\/page"}],"author":[{"embeddable":true,"href":"https:\/\/artim.ca\/es\/wp-json\/wp\/v2\/users\/2"}],"replies":[{"embeddable":true,"href":"https:\/\/artim.ca\/es\/wp-json\/wp\/v2\/comments?post=2856"}],"version-history":[{"count":45,"href":"https:\/\/artim.ca\/es\/wp-json\/wp\/v2\/pages\/2856\/revisions"}],"predecessor-version":[{"id":5360,"href":"https:\/\/artim.ca\/es\/wp-json\/wp\/v2\/pages\/2856\/revisions\/5360"}],"wp:attachment":[{"href":"https:\/\/artim.ca\/es\/wp-json\/wp\/v2\/media?parent=2856"}],"curies":[{"name":"wp","href":"https:\/\/api.w.org\/{rel}","templated":true}]}}